{"id":118,"date":"2019-12-15T12:01:23","date_gmt":"2019-12-15T11:01:23","guid":{"rendered":"http:\/\/laurbanahairsalon13.es\/?page_id=118"},"modified":"2024-08-02T11:41:26","modified_gmt":"2024-08-02T10:41:26","slug":"el-salon","status":"publish","type":"page","link":"https:\/\/laurbanahairsalon13.es\/index.php\/el-salon\/","title":{"rendered":"EL ESPACIO"},"content":{"rendered":"\r\n<p class=\"has-text-align-center\" style=\"text-align: left;\"><strong>Bienvenidos a La Urbana Hair Salon 13.<\/strong><\/p>\r\n\r\n\r\n\r\n<p class=\"has-text-align-center\" style=\"text-align: left;\">Vuestro espacio.<br \/>Nos define el gusto por los detalles. \u00a0El dise\u00f1o de nuestras instalaciones, nace de \u00a0un sue\u00f1o.\u00a0<br \/>Nace de la necesidad de daros la sensaci\u00f3n de calidez, potenciar la luz natural y la amplitud creando una atm\u00f3sfera relajante y \u00fanica. <img loading=\"lazy\" class=\"size-medium wp-image-2794 alignright\" src=\"https:\/\/laurbanahairsalon13.es\/wp-content\/uploads\/2021\/01\/salon2-1-243x300.jpg\" alt=\"\" width=\"243\" height=\"300\" srcset=\"https:\/\/laurbanahairsalon13.es\/wp-content\/uploads\/2021\/01\/salon2-1-243x300.jpg 243w, https:\/\/laurbanahairsalon13.es\/wp-content\/uploads\/2021\/01\/salon2-1.jpg 750w\" sizes=\"(max-width: 243px) 100vw, 243px\" \/><\/p>\r\n\r\n\r\n\r\n<p class=\"has-text-align-center\" style=\"text-align: left;\">La decoraci\u00f3n entremezcla texturas y elementos con plantas naturales.<\/p>\r\n\r\n\r\n\r\n<p class=\"has-text-align-center\" style=\"text-align: left;\">inspir\u00e1ndonos en f\u00e1bricas antiguas de ladrillo, el estilo British con una suave mezcla del estilo t\u00edpico gallego.<\/p>\r\n\r\n\r\n\r\n<div class=\"wp-block-image\" style=\"text-align: left;\">\u00a0<\/div>\r\n\r\n\r\n\r\n<p class=\"has-text-align-center\" style=\"text-align: left;\">Hemos elegido cada elemento, cada color, cuidadosamente para conseguir el resultado m\u00e1s actual.\u00a0<\/p>\r\n\r\n\r\n\r\n<p class=\"has-text-align-center\" style=\"text-align: left;\"><img loading=\"lazy\" class=\"size-medium wp-image-2810 alignleft\" src=\"https:\/\/laurbanahairsalon13.es\/wp-content\/uploads\/2021\/01\/La-urbana14-1-300x200.jpg\" alt=\"\" width=\"300\" height=\"200\" srcset=\"https:\/\/laurbanahairsalon13.es\/wp-content\/uploads\/2021\/01\/La-urbana14-1-300x200.jpg 300w, https:\/\/laurbanahairsalon13.es\/wp-content\/uploads\/2021\/01\/La-urbana14-1-1024x684.jpg 1024w, https:\/\/laurbanahairsalon13.es\/wp-content\/uploads\/2021\/01\/La-urbana14-1-768x513.jpg 768w, https:\/\/laurbanahairsalon13.es\/wp-content\/uploads\/2021\/01\/La-urbana14-1-1536x1025.jpg 1536w, https:\/\/laurbanahairsalon13.es\/wp-content\/uploads\/2021\/01\/La-urbana14-1-2048x1367.jpg 2048w\" sizes=\"(max-width: 300px) 100vw, 300px\" \/>Como pod\u00e9is observar en las fotograf\u00eda\u00a0jugamos con una paleta de colores muy neutra d\u00e1ndole fuerza con paredes, techos y detalles en negro. <br \/>Tambi\u00e9n hemos creado <strong>un espacio diferenciado para el hombre.<\/strong><\/p>\r\n\r\n\r\n\r\n\r\n\r\n<p class=\"has-text-align-center\" style=\"text-align: left;\"><strong>En nuestra zona de corte y styling<\/strong> pod\u00e9is observar nuestras influencias europeas y un estilo mucho m\u00e1s industrial.<\/p>\r\n<p><img loading=\"lazy\" class=\"size-medium wp-image-3294 alignright\" src=\"https:\/\/laurbanahairsalon13.es\/wp-content\/uploads\/2021\/09\/IMG_9668-300x220.jpg\" alt=\"\" width=\"300\" height=\"220\" srcset=\"https:\/\/laurbanahairsalon13.es\/wp-content\/uploads\/2021\/09\/IMG_9668-300x220.jpg 300w, https:\/\/laurbanahairsalon13.es\/wp-content\/uploads\/2021\/09\/IMG_9668-1024x751.jpg 1024w, https:\/\/laurbanahairsalon13.es\/wp-content\/uploads\/2021\/09\/IMG_9668-768x563.jpg 768w, https:\/\/laurbanahairsalon13.es\/wp-content\/uploads\/2021\/09\/IMG_9668.jpg 1125w\" sizes=\"(max-width: 300px) 100vw, 300px\" \/><\/p>\r\n\r\n\r\n\r\n<p class=\"has-text-align-center\">El toque moderno viene conseguido por nuestros espejos con luces Leds que dan profundidad a la zona.\u00a0<\/p>\r\n\r\n\r\n\r\n<div class=\"wp-block-image\">\u00a0<\/div>\r\n\r\n\r\n\r\n<p class=\"has-text-align-center\">El conjunto da amplitud , elegancia y personalidad al espacio. En nuestros lavacabezas, tendr\u00e1s la mejor de las sensaciones completamente acostado y con una mayor privacidad donde podr\u00e1s relajarte y disfrutar de los aromas de nuestros productos.<\/p>\r\n\r\n\r\n\r\n\r\n\r\n<div class=\"wp-block-image\">\u00a0<\/div>\r\n\r\n\r\n\r\n<figure class=\"wp-block-gallery columns-3 is-cropped\">\r\n<ul class=\"blocks-gallery-grid\">\r\n<li class=\"blocks-gallery-item\">\u00a0<\/li>\r\n<\/ul>\r\n<figure><img loading=\"lazy\" width=\"1024\" height=\"684\" class=\"wp-image-447 alignleft\" src=\"https:\/\/laurbanahairsalon13.es\/wp-content\/uploads\/2020\/02\/IMG-20200130-WA0021.jpg\" alt=\"\" data-id=\"447\" data-full-url=\"https:\/\/laurbanahairsalon13.es\/wp-content\/uploads\/2020\/02\/IMG-20200130-WA0021.jpg\" data-link=\"https:\/\/laurbanahairsalon13.es\/img-20200130-wa0021\/\" srcset=\"https:\/\/laurbanahairsalon13.es\/wp-content\/uploads\/2020\/02\/IMG-20200130-WA0021.jpg 1024w, https:\/\/laurbanahairsalon13.es\/wp-content\/uploads\/2020\/02\/IMG-20200130-WA0021-300x200.jpg 300w, https:\/\/laurbanahairsalon13.es\/wp-content\/uploads\/2020\/02\/IMG-20200130-WA0021-768x513.jpg 768w\" sizes=\"(max-width: 1024px) 100vw, 1024px\" \/><\/figure>\r\n<\/figure>\r\n\r\n\r\n\r\n<figure class=\"wp-block-gallery columns-1 is-cropped\">\r\n<ul class=\"blocks-gallery-grid\">\r\n<li class=\"blocks-gallery-item\">\u00a0<\/li>\r\n<\/ul>\r\n<\/figure>\r\n","protected":false},"excerpt":{"rendered":"<p>Bienvenidos a La Urbana Hair Salon 13. Vuestro espacio.Nos define el gusto por los detalles. \u00a0El dise\u00f1o de nuestras instalaciones, nace de \u00a0un sue\u00f1o.\u00a0Nace de la necesidad de daros la<\/p>\n<p class=\"more-link\"><a href=\"https:\/\/laurbanahairsalon13.es\/index.php\/el-salon\/\" class=\"readmore\">Seguir leyendo<svg class=\"icon icon-arrow-right\" aria-hidden=\"true\" role=\"img\"> <use href=\"#icon-arrow-right\" xlink:href=\"#icon-arrow-right\"><\/use> <\/svg><span class=\"screen-reader-text\">EL ESPACIO<\/span><\/a><\/p>\n","protected":false},"author":1,"featured_media":0,"parent":0,"menu_order":0,"comment_status":"closed","ping_status":"closed","template":"","meta":{"_mi_skip_tracking":false},"yoast_head":"<!-- This site is optimized with the Yoast SEO plugin v18.0 - https:\/\/yoast.com\/wordpress\/plugins\/seo\/ -->\n<title>EL ESPACIO &#8902;<\/title>\n<meta name=\"robots\" content=\"index, follow, max-snippet:-1, max-image-preview:large, max-video-preview:-1\" \/>\n<link rel=\"canonical\" href=\"https:\/\/laurbanahairsalon13.es\/index.php\/el-salon\/\" \/>\n<meta property=\"og:locale\" content=\"es_ES\" \/>\n<meta property=\"og:type\" content=\"article\" \/>\n<meta property=\"og:title\" content=\"EL ESPACIO &#8902;\" \/>\n<meta property=\"og:description\" content=\"Bienvenidos a La Urbana Hair Salon 13. Vuestro espacio.Nos define el gusto por los detalles. \u00a0El dise\u00f1o de nuestras instalaciones, nace de \u00a0un sue\u00f1o.\u00a0Nace de la necesidad de daros laSeguir leyendo EL ESPACIO\" \/>\n<meta property=\"og:url\" content=\"https:\/\/laurbanahairsalon13.es\/index.php\/el-salon\/\" \/>\n<meta property=\"article:publisher\" content=\"https:\/\/www.facebook.com\/LaUrbana.hairsalon13\/\" \/>\n<meta property=\"article:modified_time\" content=\"2024-08-02T10:41:26+00:00\" \/>\n<meta property=\"og:image\" content=\"https:\/\/laurbanahairsalon13.es\/wp-content\/uploads\/2021\/01\/salon2-1-243x300.jpg\" \/>\n<meta name=\"twitter:card\" content=\"summary_large_image\" \/>\n<meta name=\"twitter:site\" content=\"@Laurbanahair\" \/>\n<meta name=\"twitter:label1\" content=\"Tiempo de lectura\" \/>\n\t<meta name=\"twitter:data1\" content=\"2 minutos\" \/>\n<script type=\"application\/ld+json\" class=\"yoast-schema-graph\">{\"@context\":\"https:\/\/schema.org\",\"@graph\":[{\"@type\":\"Organization\",\"@id\":\"https:\/\/laurbanahairsalon13.es\/#organization\",\"name\":\"La Urbana Hair Salon 13\",\"url\":\"https:\/\/laurbanahairsalon13.es\/\",\"sameAs\":[\"https:\/\/www.facebook.com\/LaUrbana.hairsalon13\/\",\"https:\/\/www.instagram.com\/laurbana.hairsalon13\/?hl=es\",\"https:\/\/twitter.com\/Laurbanahair\"],\"logo\":{\"@type\":\"ImageObject\",\"@id\":\"https:\/\/laurbanahairsalon13.es\/#logo\",\"inLanguage\":\"es\",\"url\":\"https:\/\/laurbanahairsalon13.es\/wp-content\/uploads\/2020\/03\/logo-1.jpg\",\"contentUrl\":\"https:\/\/laurbanahairsalon13.es\/wp-content\/uploads\/2020\/03\/logo-1.jpg\",\"width\":446,\"height\":196,\"caption\":\"La Urbana Hair Salon 13\"},\"image\":{\"@id\":\"https:\/\/laurbanahairsalon13.es\/#logo\"}},{\"@type\":\"WebSite\",\"@id\":\"https:\/\/laurbanahairsalon13.es\/#website\",\"url\":\"https:\/\/laurbanahairsalon13.es\/\",\"name\":\"La Urbana Hair Salon 13 - Salon de Peluquer\u00eda Unisex Vigo\",\"description\":\"CITA PREVIA\",\"publisher\":{\"@id\":\"https:\/\/laurbanahairsalon13.es\/#organization\"},\"potentialAction\":[{\"@type\":\"SearchAction\",\"target\":{\"@type\":\"EntryPoint\",\"urlTemplate\":\"https:\/\/laurbanahairsalon13.es\/?s={search_term_string}\"},\"query-input\":\"required name=search_term_string\"}],\"inLanguage\":\"es\"},{\"@type\":\"ImageObject\",\"@id\":\"https:\/\/laurbanahairsalon13.es\/index.php\/el-salon\/#primaryimage\",\"inLanguage\":\"es\",\"url\":\"https:\/\/laurbanahairsalon13.es\/wp-content\/uploads\/2021\/01\/salon2-1.jpg\",\"contentUrl\":\"https:\/\/laurbanahairsalon13.es\/wp-content\/uploads\/2021\/01\/salon2-1.jpg\",\"width\":750,\"height\":926},{\"@type\":\"WebPage\",\"@id\":\"https:\/\/laurbanahairsalon13.es\/index.php\/el-salon\/#webpage\",\"url\":\"https:\/\/laurbanahairsalon13.es\/index.php\/el-salon\/\",\"name\":\"EL ESPACIO &#8902;\",\"isPartOf\":{\"@id\":\"https:\/\/laurbanahairsalon13.es\/#website\"},\"primaryImageOfPage\":{\"@id\":\"https:\/\/laurbanahairsalon13.es\/index.php\/el-salon\/#primaryimage\"},\"datePublished\":\"2019-12-15T11:01:23+00:00\",\"dateModified\":\"2024-08-02T10:41:26+00:00\",\"breadcrumb\":{\"@id\":\"https:\/\/laurbanahairsalon13.es\/index.php\/el-salon\/#breadcrumb\"},\"inLanguage\":\"es\",\"potentialAction\":[{\"@type\":\"ReadAction\",\"target\":[\"https:\/\/laurbanahairsalon13.es\/index.php\/el-salon\/\"]}]},{\"@type\":\"BreadcrumbList\",\"@id\":\"https:\/\/laurbanahairsalon13.es\/index.php\/el-salon\/#breadcrumb\",\"itemListElement\":[{\"@type\":\"ListItem\",\"position\":1,\"name\":\"Portada\",\"item\":\"https:\/\/laurbanahairsalon13.es\/\"},{\"@type\":\"ListItem\",\"position\":2,\"name\":\"EL ESPACIO\"}]}]}<\/script>\n<!-- \/ Yoast SEO plugin. -->","yoast_head_json":{"title":"EL ESPACIO &#8902;","robots":{"index":"index","follow":"follow","max-snippet":"max-snippet:-1","max-image-preview":"max-image-preview:large","max-video-preview":"max-video-preview:-1"},"canonical":"https:\/\/laurbanahairsalon13.es\/index.php\/el-salon\/","og_locale":"es_ES","og_type":"article","og_title":"EL ESPACIO &#8902;","og_description":"Bienvenidos a La Urbana Hair Salon 13. Vuestro espacio.Nos define el gusto por los detalles. \u00a0El dise\u00f1o de nuestras instalaciones, nace de \u00a0un sue\u00f1o.\u00a0Nace de la necesidad de daros laSeguir leyendo EL ESPACIO","og_url":"https:\/\/laurbanahairsalon13.es\/index.php\/el-salon\/","article_publisher":"https:\/\/www.facebook.com\/LaUrbana.hairsalon13\/","article_modified_time":"2024-08-02T10:41:26+00:00","og_image":[{"url":"https:\/\/laurbanahairsalon13.es\/wp-content\/uploads\/2021\/01\/salon2-1-243x300.jpg"}],"twitter_card":"summary_large_image","twitter_site":"@Laurbanahair","twitter_misc":{"Tiempo de lectura":"2 minutos"},"schema":{"@context":"https:\/\/schema.org","@graph":[{"@type":"Organization","@id":"https:\/\/laurbanahairsalon13.es\/#organization","name":"La Urbana Hair Salon 13","url":"https:\/\/laurbanahairsalon13.es\/","sameAs":["https:\/\/www.facebook.com\/LaUrbana.hairsalon13\/","https:\/\/www.instagram.com\/laurbana.hairsalon13\/?hl=es","https:\/\/twitter.com\/Laurbanahair"],"logo":{"@type":"ImageObject","@id":"https:\/\/laurbanahairsalon13.es\/#logo","inLanguage":"es","url":"https:\/\/laurbanahairsalon13.es\/wp-content\/uploads\/2020\/03\/logo-1.jpg","contentUrl":"https:\/\/laurbanahairsalon13.es\/wp-content\/uploads\/2020\/03\/logo-1.jpg","width":446,"height":196,"caption":"La Urbana Hair Salon 13"},"image":{"@id":"https:\/\/laurbanahairsalon13.es\/#logo"}},{"@type":"WebSite","@id":"https:\/\/laurbanahairsalon13.es\/#website","url":"https:\/\/laurbanahairsalon13.es\/","name":"La Urbana Hair Salon 13 - Salon de Peluquer\u00eda Unisex Vigo","description":"CITA PREVIA","publisher":{"@id":"https:\/\/laurbanahairsalon13.es\/#organization"},"potentialAction":[{"@type":"SearchAction","target":{"@type":"EntryPoint","urlTemplate":"https:\/\/laurbanahairsalon13.es\/?s={search_term_string}"},"query-input":"required name=search_term_string"}],"inLanguage":"es"},{"@type":"ImageObject","@id":"https:\/\/laurbanahairsalon13.es\/index.php\/el-salon\/#primaryimage","inLanguage":"es","url":"https:\/\/laurbanahairsalon13.es\/wp-content\/uploads\/2021\/01\/salon2-1.jpg","contentUrl":"https:\/\/laurbanahairsalon13.es\/wp-content\/uploads\/2021\/01\/salon2-1.jpg","width":750,"height":926},{"@type":"WebPage","@id":"https:\/\/laurbanahairsalon13.es\/index.php\/el-salon\/#webpage","url":"https:\/\/laurbanahairsalon13.es\/index.php\/el-salon\/","name":"EL ESPACIO &#8902;","isPartOf":{"@id":"https:\/\/laurbanahairsalon13.es\/#website"},"primaryImageOfPage":{"@id":"https:\/\/laurbanahairsalon13.es\/index.php\/el-salon\/#primaryimage"},"datePublished":"2019-12-15T11:01:23+00:00","dateModified":"2024-08-02T10:41:26+00:00","breadcrumb":{"@id":"https:\/\/laurbanahairsalon13.es\/index.php\/el-salon\/#breadcrumb"},"inLanguage":"es","potentialAction":[{"@type":"ReadAction","target":["https:\/\/laurbanahairsalon13.es\/index.php\/el-salon\/"]}]},{"@type":"BreadcrumbList","@id":"https:\/\/laurbanahairsalon13.es\/index.php\/el-salon\/#breadcrumb","itemListElement":[{"@type":"ListItem","position":1,"name":"Portada","item":"https:\/\/laurbanahairsalon13.es\/"},{"@type":"ListItem","position":2,"name":"EL ESPACIO"}]}]}},"_links":{"self":[{"href":"https:\/\/laurbanahairsalon13.es\/index.php\/wp-json\/wp\/v2\/pages\/118"}],"collection":[{"href":"https:\/\/laurbanahairsalon13.es\/index.php\/wp-json\/wp\/v2\/pages"}],"about":[{"href":"https:\/\/laurbanahairsalon13.es\/index.php\/wp-json\/wp\/v2\/types\/page"}],"author":[{"embeddable":true,"href":"https:\/\/laurbanahairsalon13.es\/index.php\/wp-json\/wp\/v2\/users\/1"}],"replies":[{"embeddable":true,"href":"https:\/\/laurbanahairsalon13.es\/index.php\/wp-json\/wp\/v2\/comments?post=118"}],"version-history":[{"count":28,"href":"https:\/\/laurbanahairsalon13.es\/index.php\/wp-json\/wp\/v2\/pages\/118\/revisions"}],"predecessor-version":[{"id":3988,"href":"https:\/\/laurbanahairsalon13.es\/index.php\/wp-json\/wp\/v2\/pages\/118\/revisions\/3988"}],"wp:attachment":[{"href":"https:\/\/laurbanahairsalon13.es\/index.php\/wp-json\/wp\/v2\/media?parent=118"}],"curies":[{"name":"wp","href":"https:\/\/api.w.org\/{rel}","templated":true}]}}