{"id":3898,"date":"2024-01-16T12:39:06","date_gmt":"2024-01-16T11:39:06","guid":{"rendered":"https:\/\/laurbanahairsalon13.es\/?page_id=3898"},"modified":"2024-01-16T15:14:12","modified_gmt":"2024-01-16T14:14:12","slug":"blog-2","status":"publish","type":"page","link":"https:\/\/laurbanahairsalon13.es\/index.php\/blog-2\/","title":{"rendered":"BLOG"},"content":{"rendered":"\t\t<div data-elementor-type=\"wp-page\" data-elementor-id=\"3898\" class=\"elementor elementor-3898\" data-elementor-settings=\"[]\">\n\t\t\t\t\t\t\t<div class=\"elementor-section-wrap\">\n\t\t\t\t\t\t\t<section class=\"elementor-section elementor-top-section elementor-element elementor-element-7f6649cb elementor-section-boxed elementor-section-height-default elementor-section-height-default\" data-id=\"7f6649cb\" data-element_type=\"section\">\n\t\t\t\t\t\t<div class=\"elementor-container elementor-column-gap-default\">\n\t\t\t\t\t<div class=\"elementor-column elementor-col-100 elementor-top-column elementor-element elementor-element-7394127b\" data-id=\"7394127b\" data-element_type=\"column\">\n\t\t\t<div class=\"elementor-widget-wrap elementor-element-populated\">\n\t\t\t\t\t\t\t\t<div class=\"elementor-element elementor-element-cfbfb57 elementor-widget elementor-widget-text-editor\" data-id=\"cfbfb57\" data-element_type=\"widget\" data-widget_type=\"text-editor.default\">\n\t\t\t\t<div class=\"elementor-widget-container\">\n\t\t\t\t\t\t\t<p>Bienvenidos a nuestro UrbanBlog donde os hablaremos de tendencias y servicios premium en nuestro salon.<\/p><p>El primer tema del que vamos a hablar en nuestro Blog son las tendencias 2024.<\/p><p><img loading=\"lazy\" class=\"size-medium wp-image-3901 aligncenter\" src=\"https:\/\/laurbanahairsalon13.es\/wp-content\/uploads\/2024\/01\/Foto-16-1-24-11-05-12-300x169.jpg\" alt=\"\" width=\"300\" height=\"169\" srcset=\"https:\/\/laurbanahairsalon13.es\/wp-content\/uploads\/2024\/01\/Foto-16-1-24-11-05-12-300x169.jpg 300w, https:\/\/laurbanahairsalon13.es\/wp-content\/uploads\/2024\/01\/Foto-16-1-24-11-05-12-1024x577.jpg 1024w, https:\/\/laurbanahairsalon13.es\/wp-content\/uploads\/2024\/01\/Foto-16-1-24-11-05-12-768x433.jpg 768w, https:\/\/laurbanahairsalon13.es\/wp-content\/uploads\/2024\/01\/Foto-16-1-24-11-05-12-1536x865.jpg 1536w, https:\/\/laurbanahairsalon13.es\/wp-content\/uploads\/2024\/01\/Foto-16-1-24-11-05-12.jpg 1640w\" sizes=\"(max-width: 300px) 100vw, 300px\" \/><\/p><p>Con el nuevo cambio de a\u00f1o solemos decir \u00a8<em>a\u00f1o nuevo, vida nueva\u00a8. <\/em>En nuestro caso vamos a decir LOOK NUEVO. Por que os vais a enamorar de todas las tendencias.\u00a0<\/p>\t\t\t\t\t\t<\/div>\n\t\t\t\t<\/div>\n\t\t\t\t\t<\/div>\n\t\t<\/div>\n\t\t\t\t\t\t\t<\/div>\n\t\t<\/section>\n\t\t\t\t<section class=\"elementor-section elementor-top-section elementor-element elementor-element-dc5228d elementor-section-boxed elementor-section-height-default elementor-section-height-default\" data-id=\"dc5228d\" data-element_type=\"section\">\n\t\t\t\t\t\t<div class=\"elementor-container elementor-column-gap-default\">\n\t\t\t\t\t<div class=\"elementor-column elementor-col-100 elementor-top-column elementor-element elementor-element-1acf5b9\" data-id=\"1acf5b9\" data-element_type=\"column\">\n\t\t\t<div class=\"elementor-widget-wrap elementor-element-populated\">\n\t\t\t\t\t\t\t\t<div class=\"elementor-element elementor-element-306343e elementor-tabs-view-horizontal elementor-widget elementor-widget-tabs\" data-id=\"306343e\" data-element_type=\"widget\" data-widget_type=\"tabs.default\">\n\t\t\t\t<div class=\"elementor-widget-container\">\n\t\t\t\t\t<div class=\"elementor-tabs\">\n\t\t\t<div class=\"elementor-tabs-wrapper\" role=\"tablist\" >\n\t\t\t\t\t\t\t\t\t<div id=\"elementor-tab-title-5071\" class=\"elementor-tab-title elementor-tab-desktop-title\" aria-selected=\"true\" data-tab=\"1\" role=\"tab\" tabindex=\"0\" aria-controls=\"elementor-tab-content-5071\" aria-expanded=\"false\">COLOR<\/div>\n\t\t\t\t\t\t\t\t\t<div id=\"elementor-tab-title-5072\" class=\"elementor-tab-title elementor-tab-desktop-title\" aria-selected=\"false\" data-tab=\"2\" role=\"tab\" tabindex=\"-1\" aria-controls=\"elementor-tab-content-5072\" aria-expanded=\"false\">CORTE<\/div>\n\t\t\t\t\t\t\t<\/div>\n\t\t\t<div class=\"elementor-tabs-content-wrapper\" role=\"tablist\" aria-orientation=\"vertical\">\n\t\t\t\t\t\t\t\t\t<div class=\"elementor-tab-title elementor-tab-mobile-title\" aria-selected=\"true\" data-tab=\"1\" role=\"tab\" tabindex=\"0\" aria-controls=\"elementor-tab-content-5071\" aria-expanded=\"false\">COLOR<\/div>\n\t\t\t\t\t<div id=\"elementor-tab-content-5071\" class=\"elementor-tab-content elementor-clearfix\" data-tab=\"1\" role=\"tabpanel\" aria-labelledby=\"elementor-tab-title-5071\" tabindex=\"0\" hidden=\"false\"><p><em><strong>Spoiler<\/strong><\/em>: la clave estar\u00e1 en la naturalidad y la elegancia, pero tambi\u00e9n habr\u00e1 cabida para colores mas arriesgados y hasta fantas\u00eda.<\/p><p>Triunfaran los colores de f\u00e1cil mantenimiento.<\/p><p><strong>El rubio mas fr\u00edo, vuelve con fuerza, aporta much\u00edsima luminosidad\u00a0Ideal para pieles claras .<img loading=\"lazy\" class=\"size-medium wp-image-3902 alignleft\" src=\"https:\/\/laurbanahairsalon13.es\/wp-content\/uploads\/2024\/01\/Foto-16-1-24-11-21-06-1-206x300.jpg\" alt=\"\" width=\"206\" height=\"300\" srcset=\"https:\/\/laurbanahairsalon13.es\/wp-content\/uploads\/2024\/01\/Foto-16-1-24-11-21-06-1-206x300.jpg 206w, https:\/\/laurbanahairsalon13.es\/wp-content\/uploads\/2024\/01\/Foto-16-1-24-11-21-06-1-702x1024.jpg 702w, https:\/\/laurbanahairsalon13.es\/wp-content\/uploads\/2024\/01\/Foto-16-1-24-11-21-06-1-768x1121.jpg 768w, https:\/\/laurbanahairsalon13.es\/wp-content\/uploads\/2024\/01\/Foto-16-1-24-11-21-06-1-1052x1536.jpg 1052w, https:\/\/laurbanahairsalon13.es\/wp-content\/uploads\/2024\/01\/Foto-16-1-24-11-21-06-1.jpg 1290w\" sizes=\"(max-width: 206px) 100vw, 206px\" \/> <\/strong><\/p><p>Requiere de un mayor mantenimiento no solo de ra\u00edz, sino de matiz e hidrataci\u00f3n para mantenerlo sano.<\/p><p>Para mantener el color estrella de esta temporada se necesitan una serie de cuidados especiales para tenerlo siempre con brillo y con un aspecto cuidado.<\/p><p><strong>El cuidado en casa tambi\u00e9n es muy importante para mantener el cabello decolorado sano, <\/strong>hidratar el cabello es esencial en esta \u00e9poca del a\u00f1o (por que si el fr\u00edo tambi\u00e9n seca nuestro cabello). Debemos <strong>utilizar mascarillas o serums que contrarresten la sequedad del cabello provocada por la climatolog\u00eda y la contaminaci\u00f3n.<\/strong><\/p><p>Queremos hacer una mencion especial a los shampoos con pigmento. Nosotros NO recomendamos el abuso de estos productos ya que secar\u00e1n mas nuestro cabello y dejaran pigmento residual.\u00a0<\/p><p>Otro rubio, \u00a0es\u00a0<strong>el rubio miel dorado<\/strong>\u00a0que se aplica en\u00a0<em>balayage<\/em>\u00a0o\u00a0<em>babylights<\/em>. \u00a8Es una tendencia que no desaparece nunca\u00a8.\u00a0<\/p><p><img loading=\"lazy\" class=\"size-medium wp-image-3904 alignright\" src=\"https:\/\/laurbanahairsalon13.es\/wp-content\/uploads\/2024\/01\/Foto-16-1-24-11-21-06-2-204x300.jpg\" alt=\"\" width=\"204\" height=\"300\" srcset=\"https:\/\/laurbanahairsalon13.es\/wp-content\/uploads\/2024\/01\/Foto-16-1-24-11-21-06-2-204x300.jpg 204w, https:\/\/laurbanahairsalon13.es\/wp-content\/uploads\/2024\/01\/Foto-16-1-24-11-21-06-2-696x1024.jpg 696w, https:\/\/laurbanahairsalon13.es\/wp-content\/uploads\/2024\/01\/Foto-16-1-24-11-21-06-2-768x1129.jpg 768w, https:\/\/laurbanahairsalon13.es\/wp-content\/uploads\/2024\/01\/Foto-16-1-24-11-21-06-2-1045x1536.jpg 1045w, https:\/\/laurbanahairsalon13.es\/wp-content\/uploads\/2024\/01\/Foto-16-1-24-11-21-06-2.jpg 1290w\" sizes=\"(max-width: 204px) 100vw, 204px\" \/><\/p><p>Queda bien a mujeres tanto de piel morena como piel m\u00e1s clara. Eso s\u00ed,\u00a0<strong>conlleva un mantenimiento de sal\u00f3n<\/strong>\u201d.\u00a0<\/p><p>Es un tono<strong> c\u00e1lido<\/strong>\u00a0y naturalmente luminoso aporta una sensaci\u00f3n de<strong>\u00a0frescura y vitalidad al rostro,<\/strong>\u00a0lo que lo convierte en una elecci\u00f3n atractiva para quienes buscan rejuvenecer su apariencia.<\/p><p><strong>El tono\u00a0<em>latte,<\/em> ese beige caf\u00e9 con leche o caramelo<\/strong>\u00a0ha tomado las riendas\u00a0<strong>de la est\u00e9tica en redes como Instagram.<img loading=\"lazy\" class=\"size-medium wp-image-3912 alignleft\" src=\"https:\/\/laurbanahairsalon13.es\/wp-content\/uploads\/2024\/01\/Foto-16-1-24-12-23-24-2-220x300.jpg\" alt=\"\" width=\"220\" height=\"300\" srcset=\"https:\/\/laurbanahairsalon13.es\/wp-content\/uploads\/2024\/01\/Foto-16-1-24-12-23-24-2-220x300.jpg 220w, https:\/\/laurbanahairsalon13.es\/wp-content\/uploads\/2024\/01\/Foto-16-1-24-12-23-24-2-752x1024.jpg 752w, https:\/\/laurbanahairsalon13.es\/wp-content\/uploads\/2024\/01\/Foto-16-1-24-12-23-24-2-768x1045.jpg 768w, https:\/\/laurbanahairsalon13.es\/wp-content\/uploads\/2024\/01\/Foto-16-1-24-12-23-24-2-1128x1536.jpg 1128w, https:\/\/laurbanahairsalon13.es\/wp-content\/uploads\/2024\/01\/Foto-16-1-24-12-23-24-2.jpg 1290w\" sizes=\"(max-width: 220px) 100vw, 220px\" \/><\/strong><\/p><p>Y viene pisando fuerte en todas sus variantes, mas claro, menos claro, con mas o menos intensidad.<\/p><p><strong><img loading=\"lazy\" class=\"size-medium wp-image-3911 alignright\" src=\"https:\/\/laurbanahairsalon13.es\/wp-content\/uploads\/2024\/01\/Foto-16-1-24-12-23-24-1-1-206x300.jpg\" alt=\"\" width=\"206\" height=\"300\" srcset=\"https:\/\/laurbanahairsalon13.es\/wp-content\/uploads\/2024\/01\/Foto-16-1-24-12-23-24-1-1-206x300.jpg 206w, https:\/\/laurbanahairsalon13.es\/wp-content\/uploads\/2024\/01\/Foto-16-1-24-12-23-24-1-1-702x1024.jpg 702w, https:\/\/laurbanahairsalon13.es\/wp-content\/uploads\/2024\/01\/Foto-16-1-24-12-23-24-1-1-768x1120.jpg 768w, https:\/\/laurbanahairsalon13.es\/wp-content\/uploads\/2024\/01\/Foto-16-1-24-12-23-24-1-1-1053x1536.jpg 1053w, https:\/\/laurbanahairsalon13.es\/wp-content\/uploads\/2024\/01\/Foto-16-1-24-12-23-24-1-1.jpg 1290w\" sizes=\"(max-width: 206px) 100vw, 206px\" \/>EL RUBIO CARAMELO<\/strong>\u00a0ser\u00e1 tendencia total. Se puede conseguir usando las t\u00e9cnicas <em>babylights<\/em>\u00a0y\u00a0<em>balayage<\/em> creando un degradado muy natural perfecto para los tonos m\u00e1s oscuros.<\/p><p>CASTA\u00d1O FRIO seguir\u00e1 siendo tendencia entre las casta\u00f1as pero con matices fr\u00edos. No suele ser dif\u00edcil de mantener aunque tambi\u00e9n es recomendable usar productos EN CASA. \u00a0\u201cUn chocolate negro profundo con sutiles reflejos amarronados, que apenas se perciben pero le aportan calidez\u201d.<\/p><p><img loading=\"lazy\" class=\"size-medium wp-image-3909 aligncenter\" src=\"https:\/\/laurbanahairsalon13.es\/wp-content\/uploads\/2024\/01\/Foto-16-1-24-11-21-06-6-205x300.jpg\" alt=\"\" width=\"205\" height=\"300\" srcset=\"https:\/\/laurbanahairsalon13.es\/wp-content\/uploads\/2024\/01\/Foto-16-1-24-11-21-06-6-205x300.jpg 205w, https:\/\/laurbanahairsalon13.es\/wp-content\/uploads\/2024\/01\/Foto-16-1-24-11-21-06-6-700x1024.jpg 700w, https:\/\/laurbanahairsalon13.es\/wp-content\/uploads\/2024\/01\/Foto-16-1-24-11-21-06-6-768x1123.jpg 768w, https:\/\/laurbanahairsalon13.es\/wp-content\/uploads\/2024\/01\/Foto-16-1-24-11-21-06-6-1051x1536.jpg 1051w, https:\/\/laurbanahairsalon13.es\/wp-content\/uploads\/2024\/01\/Foto-16-1-24-11-21-06-6.jpg 1290w\" sizes=\"(max-width: 205px) 100vw, 205px\" \/><\/p><p><strong>EL NEGRO AZABACHE<\/strong>. El tono m\u00e1s oscuro pero tambi\u00e9n el m\u00e1s brillante.<\/p><p><img loading=\"lazy\" class=\"size-medium wp-image-3907 alignleft\" src=\"https:\/\/laurbanahairsalon13.es\/wp-content\/uploads\/2024\/01\/Foto-16-1-24-11-21-06-5-1-207x300.jpg\" alt=\"\" width=\"207\" height=\"300\" srcset=\"https:\/\/laurbanahairsalon13.es\/wp-content\/uploads\/2024\/01\/Foto-16-1-24-11-21-06-5-1-207x300.jpg 207w, https:\/\/laurbanahairsalon13.es\/wp-content\/uploads\/2024\/01\/Foto-16-1-24-11-21-06-5-1-705x1024.jpg 705w, https:\/\/laurbanahairsalon13.es\/wp-content\/uploads\/2024\/01\/Foto-16-1-24-11-21-06-5-1-768x1115.jpg 768w, https:\/\/laurbanahairsalon13.es\/wp-content\/uploads\/2024\/01\/Foto-16-1-24-11-21-06-5-1-1058x1536.jpg 1058w, https:\/\/laurbanahairsalon13.es\/wp-content\/uploads\/2024\/01\/Foto-16-1-24-11-21-06-5-1.jpg 1290w\" sizes=\"(max-width: 207px) 100vw, 207px\" \/><\/p><p>Aporta un halo de misterio y, aunque sea muy oscuro, podemos darle tambi\u00e9n un punto m\u00e1s <em>glossy<\/em>\u00a0realizando tratamientos nutritivos que potencien\u00a0<strong>el color negro azabache<\/strong>. Es un color que se puede adaptar a todo tipo de rostros, tanto como pieles m\u00e1s claras, como m\u00e1s oscuras.<\/p><p>Escogiendo uno de los COLORES DE CABELLO <strong>\u00a0que ser\u00e1n tendencia en 2024\u00a0<\/strong>conseguir\u00e1s una melena\u00a0 a la ultima .<\/p><p>Fuentes consultadas:<\/p><p>Revista Vogue<\/p><p>Revista ELLE<\/p><\/div>\n\t\t\t\t\t\t\t\t\t<div class=\"elementor-tab-title elementor-tab-mobile-title\" aria-selected=\"false\" data-tab=\"2\" role=\"tab\" tabindex=\"-1\" aria-controls=\"elementor-tab-content-5072\" aria-expanded=\"false\">CORTE<\/div>\n\t\t\t\t\t<div id=\"elementor-tab-content-5072\" class=\"elementor-tab-content elementor-clearfix\" data-tab=\"2\" role=\"tabpanel\" aria-labelledby=\"elementor-tab-title-5072\" tabindex=\"0\" hidden=\"hidden\"><p>En cuanto al corte animarse con un nuevo estilo capilar puede ser justo lo que necesitemos. Si buscas un cambio m\u00e1s dr\u00e1stico y marcado, son perfectos los cortes de cabello.<\/p><p><img loading=\"lazy\" class=\"size-medium wp-image-3938 alignleft\" src=\"https:\/\/laurbanahairsalon13.es\/wp-content\/uploads\/2024\/01\/Foto-16-1-24-13-33-57-1-1-199x300.jpg\" alt=\"\" width=\"199\" height=\"300\" srcset=\"https:\/\/laurbanahairsalon13.es\/wp-content\/uploads\/2024\/01\/Foto-16-1-24-13-33-57-1-1-199x300.jpg 199w, https:\/\/laurbanahairsalon13.es\/wp-content\/uploads\/2024\/01\/Foto-16-1-24-13-33-57-1-1-681x1024.jpg 681w, https:\/\/laurbanahairsalon13.es\/wp-content\/uploads\/2024\/01\/Foto-16-1-24-13-33-57-1-1-768x1155.jpg 768w, https:\/\/laurbanahairsalon13.es\/wp-content\/uploads\/2024\/01\/Foto-16-1-24-13-33-57-1-1.jpg 944w\" sizes=\"(max-width: 199px) 100vw, 199px\" \/><\/p><p>El corte de pelo pixie en su estado m\u00e1s puro lo seguiremos viendo este a\u00f1o. Corto, despuntado y con <strong>un ligero flequillo<\/strong>\u00a0por el que podemos optar con mayor o menor largura, algo que dar\u00e1 mucho juego seg\u00fan sea la forma del rostro.<\/p><p>Tendremos variantes El corte de pelo\u00a0<em>bixie<\/em>\u00a0conjuga el\u00a0<em>pixie<\/em>\u00a0y el\u00a0<em>bob<\/em>, obteniendo un corte de pelo corto con capas largas que\u00a0<strong>aportan volumen en la parte de arriba<\/strong>\u00a0y tambi\u00e9n mucho movimiento.<\/p><p><a href=\"https:\/\/laurbanahairsalon13.es\/wp-content\/uploads\/2024\/01\/Foto-16-1-24-13-33-57-1.webp\"><img loading=\"lazy\" class=\"wp-image-3940 size-medium alignright\" src=\"https:\/\/laurbanahairsalon13.es\/wp-content\/uploads\/2024\/01\/Foto-16-1-24-13-33-57-1-200x300.webp\" alt=\"\" width=\"200\" height=\"300\" srcset=\"https:\/\/laurbanahairsalon13.es\/wp-content\/uploads\/2024\/01\/Foto-16-1-24-13-33-57-1-200x300.webp 200w, https:\/\/laurbanahairsalon13.es\/wp-content\/uploads\/2024\/01\/Foto-16-1-24-13-33-57-1-683x1024.webp 683w, https:\/\/laurbanahairsalon13.es\/wp-content\/uploads\/2024\/01\/Foto-16-1-24-13-33-57-1.webp 740w\" sizes=\"(max-width: 200px) 100vw, 200px\" \/><\/a>Tendremos tambien toda la familia de los cortes BOB pero con\u00a0 capas estrat\u00e9gicas que gana una textura estupenda y rejuvenecedora.<\/p><p>No solo las medias melenas se posicionan sino que las melenas largas tambi\u00e9n tienen su protagonismo. Un estilo que veremos mucho es con\u00a0<strong>capas que enmarcan el rostro<\/strong>\u00a0y quedan ideales si te recoges el cabello.<\/p><p>Otro de los <strong>cortes\u00a0virales<\/strong> que vuelve incorporarse a la lista de tendencias para 2024 es el corte mariposa, solo que para este a\u00f1o llega reversionado con flequillo bastante ligero y mucha m\u00e1s dimensi\u00f3n y movimiento gracias a esas capas escaladas suaves que se crean en torno a ese flequillo y se aligeran.\u00a0<\/p><p><img loading=\"lazy\" class=\"size-medium wp-image-3944 alignleft\" src=\"https:\/\/laurbanahairsalon13.es\/wp-content\/uploads\/2024\/01\/Foto-16-1-24-13-33-57-240x300.jpg\" alt=\"\" width=\"240\" height=\"300\" srcset=\"https:\/\/laurbanahairsalon13.es\/wp-content\/uploads\/2024\/01\/Foto-16-1-24-13-33-57-240x300.jpg 240w, https:\/\/laurbanahairsalon13.es\/wp-content\/uploads\/2024\/01\/Foto-16-1-24-13-33-57.jpg 450w\" sizes=\"(max-width: 240px) 100vw, 240px\" \/><\/p><p>Vuelven las <strong>melenas largas<\/strong> y si tienes el pelo liso u ondulado, no vas a poder resistirte a darle forma con esta tendencia. Muy popular en nuestro sal\u00f3n, este a\u00f1o <strong>se buscar\u00e1 crear movimiento suave con capas largas y desfilados<\/strong>\u00a0que enmarquen el rostro. Da sensaci\u00f3n de continuidad y de una melena entera, pero con m\u00e1s dimensi\u00f3n.<\/p><p>Y la \u00faltima tendencia en cuanto a corte y que vendr\u00e1 muy fuerte son los flequillos.<\/p><p>Este 2024 el largo de los flequillos va de un extremo a otro. El punto es que sea\u00a0<strong>extremadamente largo, pasando el l\u00edmite de las cejas, con una ca\u00edda natural que permite esa abertura de manera org\u00e1nica\u00a0<\/strong>y que no importa si tienes cabello liso o rizado.<\/p><p><strong>Flequillo largo, hasta la altura de las cejas o un flequillo recto por encima de las cejas puedes apostar por este flequillo en una versi\u00f3n muy dulce y ani\u00f1ada. <img loading=\"lazy\" class=\"size-medium wp-image-3946 alignright\" src=\"https:\/\/laurbanahairsalon13.es\/wp-content\/uploads\/2024\/01\/flequillo-versace-200x300.jpg\" alt=\"\" width=\"200\" height=\"300\" srcset=\"https:\/\/laurbanahairsalon13.es\/wp-content\/uploads\/2024\/01\/flequillo-versace-200x300.jpg 200w, https:\/\/laurbanahairsalon13.es\/wp-content\/uploads\/2024\/01\/flequillo-versace-683x1024.jpg 683w, https:\/\/laurbanahairsalon13.es\/wp-content\/uploads\/2024\/01\/flequillo-versace-768x1152.jpg 768w, https:\/\/laurbanahairsalon13.es\/wp-content\/uploads\/2024\/01\/flequillo-versace.jpg 980w\" sizes=\"(max-width: 200px) 100vw, 200px\" \/>Es como ese flequillo que te cortaba tu madre de peque\u00f1a, pero en su versi\u00f3n adulta y femenina.<\/strong><\/p><p><strong>\u00a0<\/strong><\/p><\/div>\n\t\t\t\t\t\t\t<\/div>\n\t\t<\/div>\n\t\t\t\t<\/div>\n\t\t\t\t<\/div>\n\t\t\t\t<div class=\"elementor-element elementor-element-234b7ba elementor-widget elementor-widget-text-editor\" data-id=\"234b7ba\" data-element_type=\"widget\" data-widget_type=\"text-editor.default\">\n\t\t\t\t<div class=\"elementor-widget-container\">\n\t\t\t\t\t\t\t\t\t\t\t\t\t<\/div>\n\t\t\t\t<\/div>\n\t\t\t\t\t<\/div>\n\t\t<\/div>\n\t\t\t\t\t\t\t<\/div>\n\t\t<\/section>\n\t\t\t\t\t\t<\/div>\n\t\t\t\t\t<\/div>\n\t\t","protected":false},"excerpt":{"rendered":"<p>Bienvenidos a nuestro UrbanBlog donde os hablaremos de tendencias y servicios premium en nuestro salon. El primer tema del que vamos a hablar en nuestro Blog son las tendencias 2024.<\/p>\n<p class=\"more-link\"><a href=\"https:\/\/laurbanahairsalon13.es\/index.php\/blog-2\/\" class=\"readmore\">Seguir leyendo<svg class=\"icon icon-arrow-right\" aria-hidden=\"true\" role=\"img\"> <use href=\"#icon-arrow-right\" xlink:href=\"#icon-arrow-right\"><\/use> <\/svg><span class=\"screen-reader-text\">BLOG<\/span><\/a><\/p>\n","protected":false},"author":1,"featured_media":0,"parent":0,"menu_order":0,"comment_status":"closed","ping_status":"closed","template":"","meta":{"_mi_skip_tracking":false},"yoast_head":"<!-- This site is optimized with the Yoast SEO plugin v18.0 - https:\/\/yoast.com\/wordpress\/plugins\/seo\/ -->\n<title>BLOG &#8902;<\/title>\n<meta name=\"robots\" content=\"index, follow, max-snippet:-1, max-image-preview:large, max-video-preview:-1\" \/>\n<link rel=\"canonical\" href=\"https:\/\/laurbanahairsalon13.es\/index.php\/blog-2\/\" \/>\n<meta property=\"og:locale\" content=\"es_ES\" \/>\n<meta property=\"og:type\" content=\"article\" \/>\n<meta property=\"og:title\" content=\"BLOG &#8902;\" \/>\n<meta property=\"og:description\" content=\"Bienvenidos a nuestro UrbanBlog donde os hablaremos de tendencias y servicios premium en nuestro salon. El primer tema del que vamos a hablar en nuestro Blog son las tendencias 2024.Seguir leyendo BLOG\" \/>\n<meta property=\"og:url\" content=\"https:\/\/laurbanahairsalon13.es\/index.php\/blog-2\/\" \/>\n<meta property=\"article:publisher\" content=\"https:\/\/www.facebook.com\/LaUrbana.hairsalon13\/\" \/>\n<meta property=\"article:modified_time\" content=\"2024-01-16T14:14:12+00:00\" \/>\n<meta property=\"og:image\" content=\"https:\/\/laurbanahairsalon13.es\/wp-content\/uploads\/2024\/01\/Foto-16-1-24-11-05-12-300x169.jpg\" \/>\n<meta name=\"twitter:card\" content=\"summary_large_image\" \/>\n<meta name=\"twitter:site\" content=\"@Laurbanahair\" \/>\n<meta name=\"twitter:label1\" content=\"Tiempo de lectura\" \/>\n\t<meta name=\"twitter:data1\" content=\"7 minutos\" \/>\n<script type=\"application\/ld+json\" class=\"yoast-schema-graph\">{\"@context\":\"https:\/\/schema.org\",\"@graph\":[{\"@type\":\"Organization\",\"@id\":\"https:\/\/laurbanahairsalon13.es\/#organization\",\"name\":\"La Urbana Hair Salon 13\",\"url\":\"https:\/\/laurbanahairsalon13.es\/\",\"sameAs\":[\"https:\/\/www.facebook.com\/LaUrbana.hairsalon13\/\",\"https:\/\/www.instagram.com\/laurbana.hairsalon13\/?hl=es\",\"https:\/\/twitter.com\/Laurbanahair\"],\"logo\":{\"@type\":\"ImageObject\",\"@id\":\"https:\/\/laurbanahairsalon13.es\/#logo\",\"inLanguage\":\"es\",\"url\":\"https:\/\/laurbanahairsalon13.es\/wp-content\/uploads\/2020\/03\/logo-1.jpg\",\"contentUrl\":\"https:\/\/laurbanahairsalon13.es\/wp-content\/uploads\/2020\/03\/logo-1.jpg\",\"width\":446,\"height\":196,\"caption\":\"La Urbana Hair Salon 13\"},\"image\":{\"@id\":\"https:\/\/laurbanahairsalon13.es\/#logo\"}},{\"@type\":\"WebSite\",\"@id\":\"https:\/\/laurbanahairsalon13.es\/#website\",\"url\":\"https:\/\/laurbanahairsalon13.es\/\",\"name\":\"La Urbana Hair Salon 13 - Salon de Peluquer\u00eda Unisex Vigo\",\"description\":\"CITA PREVIA\",\"publisher\":{\"@id\":\"https:\/\/laurbanahairsalon13.es\/#organization\"},\"potentialAction\":[{\"@type\":\"SearchAction\",\"target\":{\"@type\":\"EntryPoint\",\"urlTemplate\":\"https:\/\/laurbanahairsalon13.es\/?s={search_term_string}\"},\"query-input\":\"required name=search_term_string\"}],\"inLanguage\":\"es\"},{\"@type\":\"ImageObject\",\"@id\":\"https:\/\/laurbanahairsalon13.es\/index.php\/blog-2\/#primaryimage\",\"inLanguage\":\"es\",\"url\":\"https:\/\/laurbanahairsalon13.es\/wp-content\/uploads\/2024\/01\/Foto-16-1-24-11-05-12.jpg\",\"contentUrl\":\"https:\/\/laurbanahairsalon13.es\/wp-content\/uploads\/2024\/01\/Foto-16-1-24-11-05-12.jpg\",\"width\":1640,\"height\":924},{\"@type\":\"WebPage\",\"@id\":\"https:\/\/laurbanahairsalon13.es\/index.php\/blog-2\/#webpage\",\"url\":\"https:\/\/laurbanahairsalon13.es\/index.php\/blog-2\/\",\"name\":\"BLOG &#8902;\",\"isPartOf\":{\"@id\":\"https:\/\/laurbanahairsalon13.es\/#website\"},\"primaryImageOfPage\":{\"@id\":\"https:\/\/laurbanahairsalon13.es\/index.php\/blog-2\/#primaryimage\"},\"datePublished\":\"2024-01-16T11:39:06+00:00\",\"dateModified\":\"2024-01-16T14:14:12+00:00\",\"breadcrumb\":{\"@id\":\"https:\/\/laurbanahairsalon13.es\/index.php\/blog-2\/#breadcrumb\"},\"inLanguage\":\"es\",\"potentialAction\":[{\"@type\":\"ReadAction\",\"target\":[\"https:\/\/laurbanahairsalon13.es\/index.php\/blog-2\/\"]}]},{\"@type\":\"BreadcrumbList\",\"@id\":\"https:\/\/laurbanahairsalon13.es\/index.php\/blog-2\/#breadcrumb\",\"itemListElement\":[{\"@type\":\"ListItem\",\"position\":1,\"name\":\"Portada\",\"item\":\"https:\/\/laurbanahairsalon13.es\/\"},{\"@type\":\"ListItem\",\"position\":2,\"name\":\"BLOG\"}]}]}<\/script>\n<!-- \/ Yoast SEO plugin. -->","yoast_head_json":{"title":"BLOG &#8902;","robots":{"index":"index","follow":"follow","max-snippet":"max-snippet:-1","max-image-preview":"max-image-preview:large","max-video-preview":"max-video-preview:-1"},"canonical":"https:\/\/laurbanahairsalon13.es\/index.php\/blog-2\/","og_locale":"es_ES","og_type":"article","og_title":"BLOG &#8902;","og_description":"Bienvenidos a nuestro UrbanBlog donde os hablaremos de tendencias y servicios premium en nuestro salon. El primer tema del que vamos a hablar en nuestro Blog son las tendencias 2024.Seguir leyendo BLOG","og_url":"https:\/\/laurbanahairsalon13.es\/index.php\/blog-2\/","article_publisher":"https:\/\/www.facebook.com\/LaUrbana.hairsalon13\/","article_modified_time":"2024-01-16T14:14:12+00:00","og_image":[{"url":"https:\/\/laurbanahairsalon13.es\/wp-content\/uploads\/2024\/01\/Foto-16-1-24-11-05-12-300x169.jpg"}],"twitter_card":"summary_large_image","twitter_site":"@Laurbanahair","twitter_misc":{"Tiempo de lectura":"7 minutos"},"schema":{"@context":"https:\/\/schema.org","@graph":[{"@type":"Organization","@id":"https:\/\/laurbanahairsalon13.es\/#organization","name":"La Urbana Hair Salon 13","url":"https:\/\/laurbanahairsalon13.es\/","sameAs":["https:\/\/www.facebook.com\/LaUrbana.hairsalon13\/","https:\/\/www.instagram.com\/laurbana.hairsalon13\/?hl=es","https:\/\/twitter.com\/Laurbanahair"],"logo":{"@type":"ImageObject","@id":"https:\/\/laurbanahairsalon13.es\/#logo","inLanguage":"es","url":"https:\/\/laurbanahairsalon13.es\/wp-content\/uploads\/2020\/03\/logo-1.jpg","contentUrl":"https:\/\/laurbanahairsalon13.es\/wp-content\/uploads\/2020\/03\/logo-1.jpg","width":446,"height":196,"caption":"La Urbana Hair Salon 13"},"image":{"@id":"https:\/\/laurbanahairsalon13.es\/#logo"}},{"@type":"WebSite","@id":"https:\/\/laurbanahairsalon13.es\/#website","url":"https:\/\/laurbanahairsalon13.es\/","name":"La Urbana Hair Salon 13 - Salon de Peluquer\u00eda Unisex Vigo","description":"CITA PREVIA","publisher":{"@id":"https:\/\/laurbanahairsalon13.es\/#organization"},"potentialAction":[{"@type":"SearchAction","target":{"@type":"EntryPoint","urlTemplate":"https:\/\/laurbanahairsalon13.es\/?s={search_term_string}"},"query-input":"required name=search_term_string"}],"inLanguage":"es"},{"@type":"ImageObject","@id":"https:\/\/laurbanahairsalon13.es\/index.php\/blog-2\/#primaryimage","inLanguage":"es","url":"https:\/\/laurbanahairsalon13.es\/wp-content\/uploads\/2024\/01\/Foto-16-1-24-11-05-12.jpg","contentUrl":"https:\/\/laurbanahairsalon13.es\/wp-content\/uploads\/2024\/01\/Foto-16-1-24-11-05-12.jpg","width":1640,"height":924},{"@type":"WebPage","@id":"https:\/\/laurbanahairsalon13.es\/index.php\/blog-2\/#webpage","url":"https:\/\/laurbanahairsalon13.es\/index.php\/blog-2\/","name":"BLOG &#8902;","isPartOf":{"@id":"https:\/\/laurbanahairsalon13.es\/#website"},"primaryImageOfPage":{"@id":"https:\/\/laurbanahairsalon13.es\/index.php\/blog-2\/#primaryimage"},"datePublished":"2024-01-16T11:39:06+00:00","dateModified":"2024-01-16T14:14:12+00:00","breadcrumb":{"@id":"https:\/\/laurbanahairsalon13.es\/index.php\/blog-2\/#breadcrumb"},"inLanguage":"es","potentialAction":[{"@type":"ReadAction","target":["https:\/\/laurbanahairsalon13.es\/index.php\/blog-2\/"]}]},{"@type":"BreadcrumbList","@id":"https:\/\/laurbanahairsalon13.es\/index.php\/blog-2\/#breadcrumb","itemListElement":[{"@type":"ListItem","position":1,"name":"Portada","item":"https:\/\/laurbanahairsalon13.es\/"},{"@type":"ListItem","position":2,"name":"BLOG"}]}]}},"_links":{"self":[{"href":"https:\/\/laurbanahairsalon13.es\/index.php\/wp-json\/wp\/v2\/pages\/3898"}],"collection":[{"href":"https:\/\/laurbanahairsalon13.es\/index.php\/wp-json\/wp\/v2\/pages"}],"about":[{"href":"https:\/\/laurbanahairsalon13.es\/index.php\/wp-json\/wp\/v2\/types\/page"}],"author":[{"embeddable":true,"href":"https:\/\/laurbanahairsalon13.es\/index.php\/wp-json\/wp\/v2\/users\/1"}],"replies":[{"embeddable":true,"href":"https:\/\/laurbanahairsalon13.es\/index.php\/wp-json\/wp\/v2\/comments?post=3898"}],"version-history":[{"count":42,"href":"https:\/\/laurbanahairsalon13.es\/index.php\/wp-json\/wp\/v2\/pages\/3898\/revisions"}],"predecessor-version":[{"id":3965,"href":"https:\/\/laurbanahairsalon13.es\/index.php\/wp-json\/wp\/v2\/pages\/3898\/revisions\/3965"}],"wp:attachment":[{"href":"https:\/\/laurbanahairsalon13.es\/index.php\/wp-json\/wp\/v2\/media?parent=3898"}],"curies":[{"name":"wp","href":"https:\/\/api.w.org\/{rel}","templated":true}]}}