{"id":618,"date":"2020-03-24T18:17:26","date_gmt":"2020-03-24T17:17:26","guid":{"rendered":"https:\/\/laurbanahairsalon13.es\/?page_id=618"},"modified":"2024-01-11T16:54:37","modified_gmt":"2024-01-11T15:54:37","slug":"servicios","status":"publish","type":"page","link":"https:\/\/laurbanahairsalon13.es\/index.php\/servicios\/","title":{"rendered":"SERVICIOS"},"content":{"rendered":"\r\n<div><img loading=\"lazy\" class=\"wp-image-3641 aligncenter\" src=\"https:\/\/laurbanahairsalon13.es\/wp-content\/uploads\/2021\/09\/cropped-IMG_9668-1-300x169.jpg\" alt=\"\" width=\"614\" height=\"346\" srcset=\"https:\/\/laurbanahairsalon13.es\/wp-content\/uploads\/2021\/09\/cropped-IMG_9668-1-300x169.jpg 300w, https:\/\/laurbanahairsalon13.es\/wp-content\/uploads\/2021\/09\/cropped-IMG_9668-1-1024x576.jpg 1024w, https:\/\/laurbanahairsalon13.es\/wp-content\/uploads\/2021\/09\/cropped-IMG_9668-1-768x432.jpg 768w, https:\/\/laurbanahairsalon13.es\/wp-content\/uploads\/2021\/09\/cropped-IMG_9668-1-1536x864.jpg 1536w, https:\/\/laurbanahairsalon13.es\/wp-content\/uploads\/2021\/09\/cropped-IMG_9668-1.jpg 1920w\" sizes=\"(max-width: 614px) 100vw, 614px\" \/><\/div>\r\n\r\n\r\n\r\n\r\n<hr class=\"wp-block-separator has-text-color has-background has-yellow-background-color has-yellow-color\" \/>\r\n\r\n<hr class=\"wp-block-separator\" \/>\r\n\r\n\r\n<p class=\"has-text-align-center has-huge-font-size\" style=\"text-align: center;\">Somos expertos en el mundo de la colorimetr\u00eda.\u00a0<\/p>\r\n<p class=\"has-text-align-center has-huge-font-size\" style=\"text-align: center;\">Nuestros trabajos nos avalan.\u00a0<\/p>\r\n<p class=\"has-text-align-center has-huge-font-size\" style=\"text-align: center;\">Ning\u00fan color se nos resiste.<\/p>\r\n<p class=\"has-text-align-center has-huge-font-size\" style=\"text-align: center;\">\u00a0<\/p>\r\n<div id='gallery-1' class='gallery galleryid-618 gallery-columns-2 gallery-size-medium'><figure class='gallery-item'>\n\t\t\t<div class='gallery-icon portrait'>\n\t\t\t\t<a href='https:\/\/laurbanahairsalon13.es\/index.php\/inicio\/rubia-web\/'><img width=\"205\" height=\"300\" src=\"https:\/\/laurbanahairsalon13.es\/wp-content\/uploads\/2024\/01\/rubia-web-205x300.jpg\" class=\"attachment-medium size-medium\" alt=\"\" loading=\"lazy\" aria-describedby=\"gallery-1-3764\" srcset=\"https:\/\/laurbanahairsalon13.es\/wp-content\/uploads\/2024\/01\/rubia-web-205x300.jpg 205w, https:\/\/laurbanahairsalon13.es\/wp-content\/uploads\/2024\/01\/rubia-web-700x1024.jpg 700w, https:\/\/laurbanahairsalon13.es\/wp-content\/uploads\/2024\/01\/rubia-web-768x1123.jpg 768w, https:\/\/laurbanahairsalon13.es\/wp-content\/uploads\/2024\/01\/rubia-web-1050x1536.jpg 1050w, https:\/\/laurbanahairsalon13.es\/wp-content\/uploads\/2024\/01\/rubia-web.jpg 1290w\" sizes=\"(max-width: 205px) 100vw, 205px\" \/><\/a>\n\t\t\t<\/div>\n\t\t\t\t<figcaption class='wp-caption-text gallery-caption' id='gallery-1-3764'>\n\t\t\t\tBabylights &#038; Balayage\n\t\t\t\t<\/figcaption><\/figure><figure class='gallery-item'>\n\t\t\t<div class='gallery-icon portrait'>\n\t\t\t\t<a href='https:\/\/laurbanahairsalon13.es\/index.php\/inicio\/mechitas-2\/'><img width=\"208\" height=\"300\" src=\"https:\/\/laurbanahairsalon13.es\/wp-content\/uploads\/2024\/01\/mechitas-2-208x300.jpg\" class=\"attachment-medium size-medium\" alt=\"\" loading=\"lazy\" aria-describedby=\"gallery-1-3777\" srcset=\"https:\/\/laurbanahairsalon13.es\/wp-content\/uploads\/2024\/01\/mechitas-2-208x300.jpg 208w, https:\/\/laurbanahairsalon13.es\/wp-content\/uploads\/2024\/01\/mechitas-2-711x1024.jpg 711w, https:\/\/laurbanahairsalon13.es\/wp-content\/uploads\/2024\/01\/mechitas-2-768x1106.jpg 768w, https:\/\/laurbanahairsalon13.es\/wp-content\/uploads\/2024\/01\/mechitas-2-1066x1536.jpg 1066w, https:\/\/laurbanahairsalon13.es\/wp-content\/uploads\/2024\/01\/mechitas-2.jpg 1290w\" sizes=\"(max-width: 208px) 100vw, 208px\" \/><\/a>\n\t\t\t<\/div>\n\t\t\t\t<figcaption class='wp-caption-text gallery-caption' id='gallery-1-3777'>\n\t\t\t\tBabylights &#038; Balayage Gold\n\t\t\t\t<\/figcaption><\/figure><figure class='gallery-item'>\n\t\t\t<div class='gallery-icon portrait'>\n\t\t\t\t<a href='https:\/\/laurbanahairsalon13.es\/index.php\/inicio\/mechitas\/'><img width=\"210\" height=\"300\" src=\"https:\/\/laurbanahairsalon13.es\/wp-content\/uploads\/2024\/01\/mechitas-210x300.jpg\" class=\"attachment-medium size-medium\" alt=\"\" loading=\"lazy\" aria-describedby=\"gallery-1-3776\" srcset=\"https:\/\/laurbanahairsalon13.es\/wp-content\/uploads\/2024\/01\/mechitas-210x300.jpg 210w, https:\/\/laurbanahairsalon13.es\/wp-content\/uploads\/2024\/01\/mechitas-716x1024.jpg 716w, https:\/\/laurbanahairsalon13.es\/wp-content\/uploads\/2024\/01\/mechitas-768x1098.jpg 768w, https:\/\/laurbanahairsalon13.es\/wp-content\/uploads\/2024\/01\/mechitas-1074x1536.jpg 1074w, https:\/\/laurbanahairsalon13.es\/wp-content\/uploads\/2024\/01\/mechitas.jpg 1290w\" sizes=\"(max-width: 210px) 100vw, 210px\" \/><\/a>\n\t\t\t<\/div>\n\t\t\t\t<figcaption class='wp-caption-text gallery-caption' id='gallery-1-3776'>\n\t\t\t\tbabylights Caramelo\n\t\t\t\t<\/figcaption><\/figure><figure class='gallery-item'>\n\t\t\t<div class='gallery-icon portrait'>\n\t\t\t\t<a href='https:\/\/laurbanahairsalon13.es\/index.php\/inicio\/mechitas3\/'><img width=\"217\" height=\"300\" src=\"https:\/\/laurbanahairsalon13.es\/wp-content\/uploads\/2024\/01\/mechitas3-217x300.jpg\" class=\"attachment-medium size-medium\" alt=\"\" loading=\"lazy\" aria-describedby=\"gallery-1-3778\" srcset=\"https:\/\/laurbanahairsalon13.es\/wp-content\/uploads\/2024\/01\/mechitas3-217x300.jpg 217w, https:\/\/laurbanahairsalon13.es\/wp-content\/uploads\/2024\/01\/mechitas3-741x1024.jpg 741w, https:\/\/laurbanahairsalon13.es\/wp-content\/uploads\/2024\/01\/mechitas3-768x1062.jpg 768w, https:\/\/laurbanahairsalon13.es\/wp-content\/uploads\/2024\/01\/mechitas3-1111x1536.jpg 1111w, https:\/\/laurbanahairsalon13.es\/wp-content\/uploads\/2024\/01\/mechitas3.jpg 1290w\" sizes=\"(max-width: 217px) 100vw, 217px\" \/><\/a>\n\t\t\t<\/div>\n\t\t\t\t<figcaption class='wp-caption-text gallery-caption' id='gallery-1-3778'>\n\t\t\t\tBabyligths &#038; Balayage Dark Gold\n\t\t\t\t<\/figcaption><\/figure>\n\t\t<\/div>\n\r\n<p class=\"has-text-align-center has-huge-font-size\">En<strong> La Urbana| hair salon 13 <\/strong>trabajamos de forma individualizada. Nos gusta mimar vuestro cabello, por eso realizaremos previamente a cualquier servicio, un diagnostico<strong> totalmente gratuito.<\/strong> En el analizaremos las necesidades del cuero cabelludo y cabello, dando una soluci\u00f3n\u00a0 a este siempre que el cliente lo desee.<\/p>\r\n<p>&nbsp;<\/p>\r\n<p class=\"has-text-align-center has-huge-font-size\" style=\"text-align: center;\">\u00a1D\u00e9jate aconsejar por nuestros estilistas!<\/p>\r\n<p><img loading=\"lazy\" class=\"wp-image-3824 size-medium aligncenter\" src=\"https:\/\/laurbanahairsalon13.es\/wp-content\/uploads\/2024\/01\/los-3-1-280x300.jpg\" alt=\"\" width=\"280\" height=\"300\" srcset=\"https:\/\/laurbanahairsalon13.es\/wp-content\/uploads\/2024\/01\/los-3-1-280x300.jpg 280w, https:\/\/laurbanahairsalon13.es\/wp-content\/uploads\/2024\/01\/los-3-1-955x1024.jpg 955w, https:\/\/laurbanahairsalon13.es\/wp-content\/uploads\/2024\/01\/los-3-1-768x823.jpg 768w, https:\/\/laurbanahairsalon13.es\/wp-content\/uploads\/2024\/01\/los-3-1.jpg 1290w\" sizes=\"(max-width: 280px) 100vw, 280px\" \/><\/p>\r\n<p><img loading=\"lazy\" class=\"wp-image-3623 aligncenter\" src=\"https:\/\/laurbanahairsalon13.es\/wp-content\/uploads\/2022\/05\/IMG_5057-300x150.jpg\" alt=\"\" width=\"174\" height=\"87\" srcset=\"https:\/\/laurbanahairsalon13.es\/wp-content\/uploads\/2022\/05\/IMG_5057-300x150.jpg 300w, https:\/\/laurbanahairsalon13.es\/wp-content\/uploads\/2022\/05\/IMG_5057-1024x512.jpg 1024w, https:\/\/laurbanahairsalon13.es\/wp-content\/uploads\/2022\/05\/IMG_5057-768x384.jpg 768w, https:\/\/laurbanahairsalon13.es\/wp-content\/uploads\/2022\/05\/IMG_5057-1536x768.jpg 1536w, https:\/\/laurbanahairsalon13.es\/wp-content\/uploads\/2022\/05\/IMG_5057-2048x1024.jpg 2048w, https:\/\/laurbanahairsalon13.es\/wp-content\/uploads\/2022\/05\/IMG_5057-216x108.jpg 216w\" sizes=\"(max-width: 174px) 100vw, 174px\" \/><\/p>\r\n\r\n\r\n\r\n<p>Estamos en constante formaci\u00f3n, para ofreceros todas las t\u00e9cnicas de color que hay en el mercado siempre respetando nuestra filosifia:<\/p>\r\n\r\n\r\n\r\n<ul>\r\n<li><strong>Barro<\/strong><\/li>\r\n<li><strong>Aveda\u00a0 (color convecional)\u00a0<\/strong><\/li>\r\n<li><strong>Demi+ (color vegano)<\/strong><\/li>\r\n<li><strong style=\"font-size: 1.3125rem;\">Mecha cl\u00e1sica<\/strong><\/li>\r\n<li><strong>Babylights<\/strong><\/li>\r\n<li><strong>Balayage<\/strong><\/li>\r\n<li><strong>T\u00e9cnicas combinadas\u00a0<\/strong><\/li>\r\n<li><strong>Color refresh<\/strong><\/li>\r\n<li><strong>Naturalizaci\u00f3n de color<\/strong><\/li>\r\n<\/ul>\r\n<p><img loading=\"lazy\" class=\"wp-image-3629 aligncenter\" src=\"https:\/\/laurbanahairsalon13.es\/wp-content\/uploads\/2022\/05\/IMG_5063-300x150.jpg\" alt=\"\" width=\"172\" height=\"86\" srcset=\"https:\/\/laurbanahairsalon13.es\/wp-content\/uploads\/2022\/05\/IMG_5063-300x150.jpg 300w, https:\/\/laurbanahairsalon13.es\/wp-content\/uploads\/2022\/05\/IMG_5063-1024x512.jpg 1024w, https:\/\/laurbanahairsalon13.es\/wp-content\/uploads\/2022\/05\/IMG_5063-768x384.jpg 768w, https:\/\/laurbanahairsalon13.es\/wp-content\/uploads\/2022\/05\/IMG_5063-1536x768.jpg 1536w, https:\/\/laurbanahairsalon13.es\/wp-content\/uploads\/2022\/05\/IMG_5063-2048x1024.jpg 2048w, https:\/\/laurbanahairsalon13.es\/wp-content\/uploads\/2022\/05\/IMG_5063-216x108.jpg 216w\" sizes=\"(max-width: 172px) 100vw, 172px\" \/><\/p>\r\n<p>En cuanto a corte utilizamos el arte del visagismo, hacemos un estudio previo creando una imagen personal de acuerdo a las caracter\u00edsticas f\u00edsicas de cada persona.\u00a0<\/p>\r\n<p>Distintas t\u00e9cnicas para el cambio de la forma del cabello con base en las l\u00edneas de dise\u00f1o, la textura y el color.<\/p>\r\n<p>&nbsp;<\/p>\r\n<div id='gallery-2' class='gallery galleryid-618 gallery-columns-2 gallery-size-medium'><figure class='gallery-item'>\n\t\t\t<div class='gallery-icon portrait'>\n\t\t\t\t<a href='https:\/\/laurbanahairsalon13.es\/index.php\/inicio\/carla-web\/'><img width=\"231\" height=\"300\" src=\"https:\/\/laurbanahairsalon13.es\/wp-content\/uploads\/2024\/01\/carla-web-231x300.jpg\" class=\"attachment-medium size-medium\" alt=\"\" loading=\"lazy\" aria-describedby=\"gallery-2-3766\" srcset=\"https:\/\/laurbanahairsalon13.es\/wp-content\/uploads\/2024\/01\/carla-web-231x300.jpg 231w, https:\/\/laurbanahairsalon13.es\/wp-content\/uploads\/2024\/01\/carla-web-790x1024.jpg 790w, https:\/\/laurbanahairsalon13.es\/wp-content\/uploads\/2024\/01\/carla-web-768x996.jpg 768w, https:\/\/laurbanahairsalon13.es\/wp-content\/uploads\/2024\/01\/carla-web-1184x1536.jpg 1184w, https:\/\/laurbanahairsalon13.es\/wp-content\/uploads\/2024\/01\/carla-web.jpg 1290w\" sizes=\"(max-width: 231px) 100vw, 231px\" \/><\/a>\n\t\t\t<\/div>\n\t\t\t\t<figcaption class='wp-caption-text gallery-caption' id='gallery-2-3766'>\n\t\t\t\tcorte estructural\n\t\t\t\t<\/figcaption><\/figure><figure class='gallery-item'>\n\t\t\t<div class='gallery-icon portrait'>\n\t\t\t\t<a href='https:\/\/laurbanahairsalon13.es\/index.php\/inicio\/maria-ruma\/'><img width=\"246\" height=\"300\" src=\"https:\/\/laurbanahairsalon13.es\/wp-content\/uploads\/2024\/01\/maria-ruma-246x300.jpg\" class=\"attachment-medium size-medium\" alt=\"\" loading=\"lazy\" aria-describedby=\"gallery-2-3765\" srcset=\"https:\/\/laurbanahairsalon13.es\/wp-content\/uploads\/2024\/01\/maria-ruma-246x300.jpg 246w, https:\/\/laurbanahairsalon13.es\/wp-content\/uploads\/2024\/01\/maria-ruma-841x1024.jpg 841w, https:\/\/laurbanahairsalon13.es\/wp-content\/uploads\/2024\/01\/maria-ruma-768x935.jpg 768w, https:\/\/laurbanahairsalon13.es\/wp-content\/uploads\/2024\/01\/maria-ruma-1262x1536.jpg 1262w, https:\/\/laurbanahairsalon13.es\/wp-content\/uploads\/2024\/01\/maria-ruma.jpg 1290w\" sizes=\"(max-width: 246px) 100vw, 246px\" \/><\/a>\n\t\t\t<\/div>\n\t\t\t\t<figcaption class='wp-caption-text gallery-caption' id='gallery-2-3765'>\n\t\t\t\tdise\u00f1o de corte Butterfly\n\t\t\t\t<\/figcaption><\/figure>\n\t\t<\/div>\n\r\n<p>&nbsp;<\/p>\r\n<p>Otros servicios que ofrecemos son para hidratar, reconstruir y <span style=\"font-size: inherit;\">\u00a0aportar brillo. As\u00ed como alisar y eliminar el encrespamiento.<\/span><\/p>\r\n<p>-Alisdo org\u00e1nico<\/p>\r\n\r\n\r\n\r\n\r\n\r\n<p>-Antiencrespamiento<\/p>\r\n\r\n\r\n\r\n<p>-Botanical repair<\/p>\r\n\r\n\r\n\r\n<p>-Nutriplenish<\/p>\r\n\r\n\r\n\r\n<p>-Bomber (rizos)<\/p>\r\n\r\n\r\n\r\n<p>-Brillo<\/p>\r\n\r\n\r\n\r\n<p>-Invati (ca\u00edda<\/p>\r\n<p>-Scalp solutions (cuero cabelludo)<\/p>\r\n<p>&nbsp;<\/p>\r\n","protected":false},"excerpt":{"rendered":"<p>Somos expertos en el mundo de la colorimetr\u00eda.\u00a0 Nuestros trabajos nos avalan.\u00a0 Ning\u00fan color se nos resiste. \u00a0 En La Urbana| hair salon 13 trabajamos de forma individualizada. Nos gusta<\/p>\n<p class=\"more-link\"><a href=\"https:\/\/laurbanahairsalon13.es\/index.php\/servicios\/\" class=\"readmore\">Seguir leyendo<svg class=\"icon icon-arrow-right\" aria-hidden=\"true\" role=\"img\"> <use href=\"#icon-arrow-right\" xlink:href=\"#icon-arrow-right\"><\/use> <\/svg><span class=\"screen-reader-text\">SERVICIOS<\/span><\/a><\/p>\n","protected":false},"author":1,"featured_media":0,"parent":0,"menu_order":0,"comment_status":"closed","ping_status":"closed","template":"","meta":{"_mi_skip_tracking":false},"yoast_head":"<!-- This site is optimized with the Yoast SEO plugin v18.0 - https:\/\/yoast.com\/wordpress\/plugins\/seo\/ -->\n<title>SERVICIOS &#8902;<\/title>\n<meta name=\"robots\" content=\"index, follow, max-snippet:-1, max-image-preview:large, max-video-preview:-1\" \/>\n<link rel=\"canonical\" href=\"https:\/\/laurbanahairsalon13.es\/index.php\/servicios\/\" \/>\n<meta property=\"og:locale\" content=\"es_ES\" \/>\n<meta property=\"og:type\" content=\"article\" \/>\n<meta property=\"og:title\" content=\"SERVICIOS &#8902;\" \/>\n<meta property=\"og:description\" content=\"Somos expertos en el mundo de la colorimetr\u00eda.\u00a0 Nuestros trabajos nos avalan.\u00a0 Ning\u00fan color se nos resiste. \u00a0 En La Urbana| hair salon 13 trabajamos de forma individualizada. Nos gustaSeguir leyendo SERVICIOS\" \/>\n<meta property=\"og:url\" content=\"https:\/\/laurbanahairsalon13.es\/index.php\/servicios\/\" \/>\n<meta property=\"article:publisher\" content=\"https:\/\/www.facebook.com\/LaUrbana.hairsalon13\/\" \/>\n<meta property=\"article:modified_time\" content=\"2024-01-11T15:54:37+00:00\" \/>\n<meta property=\"og:image\" content=\"https:\/\/laurbanahairsalon13.es\/wp-content\/uploads\/2024\/01\/rubia-web-205x300.jpg\" \/>\n<meta name=\"twitter:card\" content=\"summary_large_image\" \/>\n<meta name=\"twitter:site\" content=\"@Laurbanahair\" \/>\n<meta name=\"twitter:label1\" content=\"Tiempo de lectura\" \/>\n\t<meta name=\"twitter:data1\" content=\"2 minutos\" \/>\n<script type=\"application\/ld+json\" class=\"yoast-schema-graph\">{\"@context\":\"https:\/\/schema.org\",\"@graph\":[{\"@type\":\"Organization\",\"@id\":\"https:\/\/laurbanahairsalon13.es\/#organization\",\"name\":\"La Urbana Hair Salon 13\",\"url\":\"https:\/\/laurbanahairsalon13.es\/\",\"sameAs\":[\"https:\/\/www.facebook.com\/LaUrbana.hairsalon13\/\",\"https:\/\/www.instagram.com\/laurbana.hairsalon13\/?hl=es\",\"https:\/\/twitter.com\/Laurbanahair\"],\"logo\":{\"@type\":\"ImageObject\",\"@id\":\"https:\/\/laurbanahairsalon13.es\/#logo\",\"inLanguage\":\"es\",\"url\":\"https:\/\/laurbanahairsalon13.es\/wp-content\/uploads\/2020\/03\/logo-1.jpg\",\"contentUrl\":\"https:\/\/laurbanahairsalon13.es\/wp-content\/uploads\/2020\/03\/logo-1.jpg\",\"width\":446,\"height\":196,\"caption\":\"La Urbana Hair Salon 13\"},\"image\":{\"@id\":\"https:\/\/laurbanahairsalon13.es\/#logo\"}},{\"@type\":\"WebSite\",\"@id\":\"https:\/\/laurbanahairsalon13.es\/#website\",\"url\":\"https:\/\/laurbanahairsalon13.es\/\",\"name\":\"La Urbana Hair Salon 13 - Salon de Peluquer\u00eda Unisex Vigo\",\"description\":\"CITA PREVIA\",\"publisher\":{\"@id\":\"https:\/\/laurbanahairsalon13.es\/#organization\"},\"potentialAction\":[{\"@type\":\"SearchAction\",\"target\":{\"@type\":\"EntryPoint\",\"urlTemplate\":\"https:\/\/laurbanahairsalon13.es\/?s={search_term_string}\"},\"query-input\":\"required name=search_term_string\"}],\"inLanguage\":\"es\"},{\"@type\":\"ImageObject\",\"@id\":\"https:\/\/laurbanahairsalon13.es\/index.php\/servicios\/#primaryimage\",\"inLanguage\":\"es\",\"url\":\"https:\/\/laurbanahairsalon13.es\/wp-content\/uploads\/2021\/09\/cropped-IMG_9668-1.jpg\",\"contentUrl\":\"https:\/\/laurbanahairsalon13.es\/wp-content\/uploads\/2021\/09\/cropped-IMG_9668-1.jpg\",\"width\":1920,\"height\":1080},{\"@type\":\"WebPage\",\"@id\":\"https:\/\/laurbanahairsalon13.es\/index.php\/servicios\/#webpage\",\"url\":\"https:\/\/laurbanahairsalon13.es\/index.php\/servicios\/\",\"name\":\"SERVICIOS &#8902;\",\"isPartOf\":{\"@id\":\"https:\/\/laurbanahairsalon13.es\/#website\"},\"primaryImageOfPage\":{\"@id\":\"https:\/\/laurbanahairsalon13.es\/index.php\/servicios\/#primaryimage\"},\"datePublished\":\"2020-03-24T17:17:26+00:00\",\"dateModified\":\"2024-01-11T15:54:37+00:00\",\"breadcrumb\":{\"@id\":\"https:\/\/laurbanahairsalon13.es\/index.php\/servicios\/#breadcrumb\"},\"inLanguage\":\"es\",\"potentialAction\":[{\"@type\":\"ReadAction\",\"target\":[\"https:\/\/laurbanahairsalon13.es\/index.php\/servicios\/\"]}]},{\"@type\":\"BreadcrumbList\",\"@id\":\"https:\/\/laurbanahairsalon13.es\/index.php\/servicios\/#breadcrumb\",\"itemListElement\":[{\"@type\":\"ListItem\",\"position\":1,\"name\":\"Portada\",\"item\":\"https:\/\/laurbanahairsalon13.es\/\"},{\"@type\":\"ListItem\",\"position\":2,\"name\":\"SERVICIOS\"}]}]}<\/script>\n<!-- \/ Yoast SEO plugin. -->","yoast_head_json":{"title":"SERVICIOS &#8902;","robots":{"index":"index","follow":"follow","max-snippet":"max-snippet:-1","max-image-preview":"max-image-preview:large","max-video-preview":"max-video-preview:-1"},"canonical":"https:\/\/laurbanahairsalon13.es\/index.php\/servicios\/","og_locale":"es_ES","og_type":"article","og_title":"SERVICIOS &#8902;","og_description":"Somos expertos en el mundo de la colorimetr\u00eda.\u00a0 Nuestros trabajos nos avalan.\u00a0 Ning\u00fan color se nos resiste. \u00a0 En La Urbana| hair salon 13 trabajamos de forma individualizada. Nos gustaSeguir leyendo SERVICIOS","og_url":"https:\/\/laurbanahairsalon13.es\/index.php\/servicios\/","article_publisher":"https:\/\/www.facebook.com\/LaUrbana.hairsalon13\/","article_modified_time":"2024-01-11T15:54:37+00:00","og_image":[{"url":"https:\/\/laurbanahairsalon13.es\/wp-content\/uploads\/2024\/01\/rubia-web-205x300.jpg"}],"twitter_card":"summary_large_image","twitter_site":"@Laurbanahair","twitter_misc":{"Tiempo de lectura":"2 minutos"},"schema":{"@context":"https:\/\/schema.org","@graph":[{"@type":"Organization","@id":"https:\/\/laurbanahairsalon13.es\/#organization","name":"La Urbana Hair Salon 13","url":"https:\/\/laurbanahairsalon13.es\/","sameAs":["https:\/\/www.facebook.com\/LaUrbana.hairsalon13\/","https:\/\/www.instagram.com\/laurbana.hairsalon13\/?hl=es","https:\/\/twitter.com\/Laurbanahair"],"logo":{"@type":"ImageObject","@id":"https:\/\/laurbanahairsalon13.es\/#logo","inLanguage":"es","url":"https:\/\/laurbanahairsalon13.es\/wp-content\/uploads\/2020\/03\/logo-1.jpg","contentUrl":"https:\/\/laurbanahairsalon13.es\/wp-content\/uploads\/2020\/03\/logo-1.jpg","width":446,"height":196,"caption":"La Urbana Hair Salon 13"},"image":{"@id":"https:\/\/laurbanahairsalon13.es\/#logo"}},{"@type":"WebSite","@id":"https:\/\/laurbanahairsalon13.es\/#website","url":"https:\/\/laurbanahairsalon13.es\/","name":"La Urbana Hair Salon 13 - Salon de Peluquer\u00eda Unisex Vigo","description":"CITA PREVIA","publisher":{"@id":"https:\/\/laurbanahairsalon13.es\/#organization"},"potentialAction":[{"@type":"SearchAction","target":{"@type":"EntryPoint","urlTemplate":"https:\/\/laurbanahairsalon13.es\/?s={search_term_string}"},"query-input":"required name=search_term_string"}],"inLanguage":"es"},{"@type":"ImageObject","@id":"https:\/\/laurbanahairsalon13.es\/index.php\/servicios\/#primaryimage","inLanguage":"es","url":"https:\/\/laurbanahairsalon13.es\/wp-content\/uploads\/2021\/09\/cropped-IMG_9668-1.jpg","contentUrl":"https:\/\/laurbanahairsalon13.es\/wp-content\/uploads\/2021\/09\/cropped-IMG_9668-1.jpg","width":1920,"height":1080},{"@type":"WebPage","@id":"https:\/\/laurbanahairsalon13.es\/index.php\/servicios\/#webpage","url":"https:\/\/laurbanahairsalon13.es\/index.php\/servicios\/","name":"SERVICIOS &#8902;","isPartOf":{"@id":"https:\/\/laurbanahairsalon13.es\/#website"},"primaryImageOfPage":{"@id":"https:\/\/laurbanahairsalon13.es\/index.php\/servicios\/#primaryimage"},"datePublished":"2020-03-24T17:17:26+00:00","dateModified":"2024-01-11T15:54:37+00:00","breadcrumb":{"@id":"https:\/\/laurbanahairsalon13.es\/index.php\/servicios\/#breadcrumb"},"inLanguage":"es","potentialAction":[{"@type":"ReadAction","target":["https:\/\/laurbanahairsalon13.es\/index.php\/servicios\/"]}]},{"@type":"BreadcrumbList","@id":"https:\/\/laurbanahairsalon13.es\/index.php\/servicios\/#breadcrumb","itemListElement":[{"@type":"ListItem","position":1,"name":"Portada","item":"https:\/\/laurbanahairsalon13.es\/"},{"@type":"ListItem","position":2,"name":"SERVICIOS"}]}]}},"_links":{"self":[{"href":"https:\/\/laurbanahairsalon13.es\/index.php\/wp-json\/wp\/v2\/pages\/618"}],"collection":[{"href":"https:\/\/laurbanahairsalon13.es\/index.php\/wp-json\/wp\/v2\/pages"}],"about":[{"href":"https:\/\/laurbanahairsalon13.es\/index.php\/wp-json\/wp\/v2\/types\/page"}],"author":[{"embeddable":true,"href":"https:\/\/laurbanahairsalon13.es\/index.php\/wp-json\/wp\/v2\/users\/1"}],"replies":[{"embeddable":true,"href":"https:\/\/laurbanahairsalon13.es\/index.php\/wp-json\/wp\/v2\/comments?post=618"}],"version-history":[{"count":102,"href":"https:\/\/laurbanahairsalon13.es\/index.php\/wp-json\/wp\/v2\/pages\/618\/revisions"}],"predecessor-version":[{"id":3825,"href":"https:\/\/laurbanahairsalon13.es\/index.php\/wp-json\/wp\/v2\/pages\/618\/revisions\/3825"}],"wp:attachment":[{"href":"https:\/\/laurbanahairsalon13.es\/index.php\/wp-json\/wp\/v2\/media?parent=618"}],"curies":[{"name":"wp","href":"https:\/\/api.w.org\/{rel}","templated":true}]}}