{"id":662,"date":"2020-03-25T16:57:53","date_gmt":"2020-03-25T15:57:53","guid":{"rendered":"https:\/\/laurbanahairsalon13.es\/?page_id=662"},"modified":"2021-04-27T10:09:27","modified_gmt":"2021-04-27T09:09:27","slug":"productos-2-2","status":"publish","type":"page","link":"https:\/\/laurbanahairsalon13.es\/index.php\/productos-2-2\/","title":{"rendered":"SOBRE NUESTROS PRODUCTOS"},"content":{"rendered":"\n<figure class=\"wp-block-video\"><video controls src=\"https:\/\/laurbanahairsalon13.es\/wp-content\/uploads\/2021\/04\/video-bueno.mov\"><\/video><\/figure>\n\n\n\n<p class=\"has-text-align-center\">Como ya sab\u00e9is , trabajamos en exclusiva con productos <strong>Philip Martin\u00b4s<\/strong> de origen <strong>natural y org\u00e1nico <\/strong>como el aceite de Jojoba, la esencia de Naranja de Calabria, el Aloe de la agricultura italiana y el aceite de Oliva Mediterr\u00e1neo,  que lleva la imagen de marca a niveles m\u00e1ximos entre el mundo cosm\u00e9tico. <\/p>\n\n\n\n<p><\/p>\n\n\n\n<div class=\"wp-block-cover\" style=\"background-image:url(https:\/\/laurbanahairsalon13.es\/wp-content\/uploads\/2020\/02\/IMG-20200130-WA0010.jpg);min-height:759px\"><div class=\"wp-block-cover__inner-container\">\n<p class=\"has-text-align-center has-large-font-size\"><\/p>\n<\/div><\/div>\n\n\n\n<p class=\"has-text-align-center\"><strong><em>NUESTRO PRIMER CONSEJO<\/em><\/strong><\/p>\n\n\n\n<p><strong>Sois muchos y muchas que ven\u00eds al sal\u00f3n preguntando que hacer por que not\u00e1is una ca\u00edda de cabello excesiva.&nbsp;<\/strong><\/p>\n\n\n\n<p>Primero queremos tranquilizaros por que estamos en el momento de la ca\u00edda. Segundo el extress vivido en el 2020 por el covid-19 no ayuda&#8230;..&nbsp;<\/p>\n\n\n\n<p>\u00bfQue podemos hacer?&nbsp;<\/p>\n\n\n\n<p>Es importante tener la piel del cuero cabelludo purificada e hidratada. Para ello tenemos <strong><em>puryfing wash<\/em><\/strong> y <strong><em>scalp benefit.&nbsp;<\/em><\/strong><\/p>\n\n\n\n<p>En el sal\u00f3n disponemos de <strong>Scalp Profesional <\/strong>que podemos incorporarlo en tus servicios durante la visita a nuestro sal\u00f3n. Y para casa<strong><em> Scalp Nutriment spray<\/em><\/strong>. Debemos aportarle al cabello una alta concentraci\u00f3n de nutrientes y estimular el riego sangu\u00edneo.&nbsp;<\/p>\n\n\n\n<p>Si segu\u00eds nuestros consejos podr\u00e9is combatir la ca\u00edda estacional provocada por estr\u00e9s y cambio de estaci\u00f3n.&nbsp;<\/p>\n\n\n\n<p>Para cualquier duda el equipo de La Urbana estar\u00e1n encantados de asesoraros.&nbsp;\ud83d\ude09<\/p>\n\n\n\n<div class=\"wp-block-image is-style-default\"><figure class=\"aligncenter size-large is-resized\"><img loading=\"lazy\" src=\"https:\/\/laurbanahairsalon13.es\/wp-content\/uploads\/2021\/01\/puri-1-768x1024.jpg\" alt=\"\" class=\"wp-image-2721\" width=\"755\" height=\"1005\"\/><\/figure><\/div>\n\n\n\n<p class=\"has-text-align-center\"><strong><em>NUESTRO SEGUNDO CONSEJO<\/em><\/strong><\/p>\n\n\n\n<p>Otra de las preguntas m\u00e1s realizadas en el sal\u00f3n es sobre el problema de grasa en el cuero cabelludo. <\/p>\n\n\n\n<p>\u00bfQu\u00e9 podemos hacer?<\/p>\n\n\n\n<p>Pues bien, si sois de las personas que pens\u00e1is que cuanto m\u00e1s lav\u00e9is el cabello mas limpio estar\u00e1, es una idea err\u00f3nea.  Ya que lo que conseguimos es dar la informaci\u00f3n contraria a las gl\u00e1ndulas seb\u00e1ceas, es decir, cuanto mas lavemos mas grasa creara el cuero cabelludo.<\/p>\n\n\n\n<p> Para ello os recomendamos  <strong>CALMING WASH<\/strong>, shampoo calmante y desintoxicante para el cuero cabelludo seborreico y el cabello. Reestablece la normalidad y limpieza de la piel sin agredir ni al cuero cabelludo ni al cabello. Sin sulfatos ni parabenos. <\/p>\n\n\n\n<p>La segunda recomendaci\u00f3n es <strong>SCALP BENEFIT<\/strong>, Tratamiento humectante para el cuero cabelludo y el cabello que contiene <strong>Bardana Bio<\/strong>&nbsp;que ayuda a la  purificaci\u00f3n del cuero cabelludo. <\/p>\n\n\n\n<p>Si segu\u00eds nuestros consejos podr\u00e9is combatir el problema de grasa en el cuero cabelludo.<\/p>\n\n\n\n<p>Para cualquier duda el equipo de La Urbana estar\u00e1n encantados de asesoraros.&nbsp;\ud83d\ude09<\/p>\n\n\n\n<div class=\"wp-block-image is-style-default\"><figure class=\"aligncenter size-large is-resized\"><img loading=\"lazy\" src=\"https:\/\/laurbanahairsalon13.es\/wp-content\/uploads\/2021\/01\/IMG_5272-768x1024.jpg\" alt=\"\" class=\"wp-image-2724\" width=\"572\" height=\"763\"\/><\/figure><\/div>\n\n\n\n<p><\/p>\n\n\n\n<p class=\"has-text-align-center\"><strong><em>TERCER CONSEJO<\/em><\/strong><\/p>\n\n\n\n<p><\/p>\n\n\n\n<p>Hoy os traemos otro de nuestros consejos Moringa System. Un sistema compuesto por 3 productos: Moringa wah, Moringa rinse y Moringa curl. <\/p>\n\n\n\n<p>Este es un sistema que limpia e hidrata en profundidad el cabello. Ideal para eliminar la contaminaci\u00f3n y el polvo fino, formulado con plantas que absorben las toxinas y son dermo-purificadoras.  <\/p>\n\n\n\n<p>Tambien es <strong>ideal<\/strong> para cabellos <strong>rizos <\/strong>y <strong>encrespados.<\/strong><\/p>\n\n\n\n<figure class=\"wp-block-image size-large is-style-default\"><img src=\"https:\/\/laurbanahairsalon13.es\/wp-content\/uploads\/2021\/02\/moringa-system-768x1024.jpg\" alt=\"\" class=\"wp-image-2943\"\/><\/figure>\n","protected":false},"excerpt":{"rendered":"<p>Como ya sab\u00e9is , trabajamos en exclusiva con productos Philip Martin\u00b4s de origen natural y org\u00e1nico como el aceite de Jojoba, la esencia de Naranja de Calabria, el Aloe de<\/p>\n<p class=\"more-link\"><a href=\"https:\/\/laurbanahairsalon13.es\/index.php\/productos-2-2\/\" class=\"readmore\">Seguir leyendo<svg class=\"icon icon-arrow-right\" aria-hidden=\"true\" role=\"img\"> <use href=\"#icon-arrow-right\" xlink:href=\"#icon-arrow-right\"><\/use> <\/svg><span class=\"screen-reader-text\">SOBRE NUESTROS PRODUCTOS<\/span><\/a><\/p>\n","protected":false},"author":1,"featured_media":0,"parent":0,"menu_order":0,"comment_status":"closed","ping_status":"closed","template":"","meta":{"_mi_skip_tracking":false},"yoast_head":"<!-- This site is optimized with the Yoast SEO plugin v18.0 - https:\/\/yoast.com\/wordpress\/plugins\/seo\/ -->\n<title>SOBRE NUESTROS PRODUCTOS &#8902;<\/title>\n<meta name=\"robots\" content=\"index, follow, max-snippet:-1, max-image-preview:large, max-video-preview:-1\" \/>\n<link rel=\"canonical\" href=\"https:\/\/laurbanahairsalon13.es\/index.php\/productos-2-2\/\" \/>\n<meta property=\"og:locale\" content=\"es_ES\" \/>\n<meta property=\"og:type\" content=\"article\" \/>\n<meta property=\"og:title\" content=\"SOBRE NUESTROS PRODUCTOS &#8902;\" \/>\n<meta property=\"og:description\" content=\"Como ya sab\u00e9is , trabajamos en exclusiva con productos Philip Martin\u00b4s de origen natural y org\u00e1nico como el aceite de Jojoba, la esencia de Naranja de Calabria, el Aloe deSeguir leyendo SOBRE NUESTROS PRODUCTOS\" \/>\n<meta property=\"og:url\" content=\"https:\/\/laurbanahairsalon13.es\/index.php\/productos-2-2\/\" \/>\n<meta property=\"article:publisher\" content=\"https:\/\/www.facebook.com\/LaUrbana.hairsalon13\/\" \/>\n<meta property=\"article:modified_time\" content=\"2021-04-27T09:09:27+00:00\" \/>\n<meta property=\"og:image\" content=\"https:\/\/laurbanahairsalon13.es\/wp-content\/uploads\/2021\/01\/puri-1-768x1024.jpg\" \/>\n<meta name=\"twitter:card\" content=\"summary_large_image\" \/>\n<meta name=\"twitter:site\" content=\"@Laurbanahair\" \/>\n<meta name=\"twitter:label1\" content=\"Tiempo de lectura\" \/>\n\t<meta name=\"twitter:data1\" content=\"3 minutos\" \/>\n<script type=\"application\/ld+json\" class=\"yoast-schema-graph\">{\"@context\":\"https:\/\/schema.org\",\"@graph\":[{\"@type\":\"Organization\",\"@id\":\"https:\/\/laurbanahairsalon13.es\/#organization\",\"name\":\"La Urbana Hair Salon 13\",\"url\":\"https:\/\/laurbanahairsalon13.es\/\",\"sameAs\":[\"https:\/\/www.facebook.com\/LaUrbana.hairsalon13\/\",\"https:\/\/www.instagram.com\/laurbana.hairsalon13\/?hl=es\",\"https:\/\/twitter.com\/Laurbanahair\"],\"logo\":{\"@type\":\"ImageObject\",\"@id\":\"https:\/\/laurbanahairsalon13.es\/#logo\",\"inLanguage\":\"es\",\"url\":\"https:\/\/laurbanahairsalon13.es\/wp-content\/uploads\/2020\/03\/logo-1.jpg\",\"contentUrl\":\"https:\/\/laurbanahairsalon13.es\/wp-content\/uploads\/2020\/03\/logo-1.jpg\",\"width\":446,\"height\":196,\"caption\":\"La Urbana Hair Salon 13\"},\"image\":{\"@id\":\"https:\/\/laurbanahairsalon13.es\/#logo\"}},{\"@type\":\"WebSite\",\"@id\":\"https:\/\/laurbanahairsalon13.es\/#website\",\"url\":\"https:\/\/laurbanahairsalon13.es\/\",\"name\":\"La Urbana Hair Salon 13 - Salon de Peluquer\u00eda Unisex Vigo\",\"description\":\"CITA PREVIA\",\"publisher\":{\"@id\":\"https:\/\/laurbanahairsalon13.es\/#organization\"},\"potentialAction\":[{\"@type\":\"SearchAction\",\"target\":{\"@type\":\"EntryPoint\",\"urlTemplate\":\"https:\/\/laurbanahairsalon13.es\/?s={search_term_string}\"},\"query-input\":\"required name=search_term_string\"}],\"inLanguage\":\"es\"},{\"@type\":\"ImageObject\",\"@id\":\"https:\/\/laurbanahairsalon13.es\/index.php\/productos-2-2\/#primaryimage\",\"inLanguage\":\"es\",\"url\":\"https:\/\/laurbanahairsalon13.es\/wp-content\/uploads\/2021\/01\/puri-1-scaled.jpg\",\"contentUrl\":\"https:\/\/laurbanahairsalon13.es\/wp-content\/uploads\/2021\/01\/puri-1-scaled.jpg\",\"width\":1920,\"height\":2560},{\"@type\":\"WebPage\",\"@id\":\"https:\/\/laurbanahairsalon13.es\/index.php\/productos-2-2\/#webpage\",\"url\":\"https:\/\/laurbanahairsalon13.es\/index.php\/productos-2-2\/\",\"name\":\"SOBRE NUESTROS PRODUCTOS &#8902;\",\"isPartOf\":{\"@id\":\"https:\/\/laurbanahairsalon13.es\/#website\"},\"primaryImageOfPage\":{\"@id\":\"https:\/\/laurbanahairsalon13.es\/index.php\/productos-2-2\/#primaryimage\"},\"datePublished\":\"2020-03-25T15:57:53+00:00\",\"dateModified\":\"2021-04-27T09:09:27+00:00\",\"breadcrumb\":{\"@id\":\"https:\/\/laurbanahairsalon13.es\/index.php\/productos-2-2\/#breadcrumb\"},\"inLanguage\":\"es\",\"potentialAction\":[{\"@type\":\"ReadAction\",\"target\":[\"https:\/\/laurbanahairsalon13.es\/index.php\/productos-2-2\/\"]}]},{\"@type\":\"BreadcrumbList\",\"@id\":\"https:\/\/laurbanahairsalon13.es\/index.php\/productos-2-2\/#breadcrumb\",\"itemListElement\":[{\"@type\":\"ListItem\",\"position\":1,\"name\":\"Portada\",\"item\":\"https:\/\/laurbanahairsalon13.es\/\"},{\"@type\":\"ListItem\",\"position\":2,\"name\":\"SOBRE NUESTROS PRODUCTOS\"}]}]}<\/script>\n<!-- \/ Yoast SEO plugin. -->","yoast_head_json":{"title":"SOBRE NUESTROS PRODUCTOS &#8902;","robots":{"index":"index","follow":"follow","max-snippet":"max-snippet:-1","max-image-preview":"max-image-preview:large","max-video-preview":"max-video-preview:-1"},"canonical":"https:\/\/laurbanahairsalon13.es\/index.php\/productos-2-2\/","og_locale":"es_ES","og_type":"article","og_title":"SOBRE NUESTROS PRODUCTOS &#8902;","og_description":"Como ya sab\u00e9is , trabajamos en exclusiva con productos Philip Martin\u00b4s de origen natural y org\u00e1nico como el aceite de Jojoba, la esencia de Naranja de Calabria, el Aloe deSeguir leyendo SOBRE NUESTROS PRODUCTOS","og_url":"https:\/\/laurbanahairsalon13.es\/index.php\/productos-2-2\/","article_publisher":"https:\/\/www.facebook.com\/LaUrbana.hairsalon13\/","article_modified_time":"2021-04-27T09:09:27+00:00","og_image":[{"url":"https:\/\/laurbanahairsalon13.es\/wp-content\/uploads\/2021\/01\/puri-1-768x1024.jpg"}],"twitter_card":"summary_large_image","twitter_site":"@Laurbanahair","twitter_misc":{"Tiempo de lectura":"3 minutos"},"schema":{"@context":"https:\/\/schema.org","@graph":[{"@type":"Organization","@id":"https:\/\/laurbanahairsalon13.es\/#organization","name":"La Urbana Hair Salon 13","url":"https:\/\/laurbanahairsalon13.es\/","sameAs":["https:\/\/www.facebook.com\/LaUrbana.hairsalon13\/","https:\/\/www.instagram.com\/laurbana.hairsalon13\/?hl=es","https:\/\/twitter.com\/Laurbanahair"],"logo":{"@type":"ImageObject","@id":"https:\/\/laurbanahairsalon13.es\/#logo","inLanguage":"es","url":"https:\/\/laurbanahairsalon13.es\/wp-content\/uploads\/2020\/03\/logo-1.jpg","contentUrl":"https:\/\/laurbanahairsalon13.es\/wp-content\/uploads\/2020\/03\/logo-1.jpg","width":446,"height":196,"caption":"La Urbana Hair Salon 13"},"image":{"@id":"https:\/\/laurbanahairsalon13.es\/#logo"}},{"@type":"WebSite","@id":"https:\/\/laurbanahairsalon13.es\/#website","url":"https:\/\/laurbanahairsalon13.es\/","name":"La Urbana Hair Salon 13 - Salon de Peluquer\u00eda Unisex Vigo","description":"CITA PREVIA","publisher":{"@id":"https:\/\/laurbanahairsalon13.es\/#organization"},"potentialAction":[{"@type":"SearchAction","target":{"@type":"EntryPoint","urlTemplate":"https:\/\/laurbanahairsalon13.es\/?s={search_term_string}"},"query-input":"required name=search_term_string"}],"inLanguage":"es"},{"@type":"ImageObject","@id":"https:\/\/laurbanahairsalon13.es\/index.php\/productos-2-2\/#primaryimage","inLanguage":"es","url":"https:\/\/laurbanahairsalon13.es\/wp-content\/uploads\/2021\/01\/puri-1-scaled.jpg","contentUrl":"https:\/\/laurbanahairsalon13.es\/wp-content\/uploads\/2021\/01\/puri-1-scaled.jpg","width":1920,"height":2560},{"@type":"WebPage","@id":"https:\/\/laurbanahairsalon13.es\/index.php\/productos-2-2\/#webpage","url":"https:\/\/laurbanahairsalon13.es\/index.php\/productos-2-2\/","name":"SOBRE NUESTROS PRODUCTOS &#8902;","isPartOf":{"@id":"https:\/\/laurbanahairsalon13.es\/#website"},"primaryImageOfPage":{"@id":"https:\/\/laurbanahairsalon13.es\/index.php\/productos-2-2\/#primaryimage"},"datePublished":"2020-03-25T15:57:53+00:00","dateModified":"2021-04-27T09:09:27+00:00","breadcrumb":{"@id":"https:\/\/laurbanahairsalon13.es\/index.php\/productos-2-2\/#breadcrumb"},"inLanguage":"es","potentialAction":[{"@type":"ReadAction","target":["https:\/\/laurbanahairsalon13.es\/index.php\/productos-2-2\/"]}]},{"@type":"BreadcrumbList","@id":"https:\/\/laurbanahairsalon13.es\/index.php\/productos-2-2\/#breadcrumb","itemListElement":[{"@type":"ListItem","position":1,"name":"Portada","item":"https:\/\/laurbanahairsalon13.es\/"},{"@type":"ListItem","position":2,"name":"SOBRE NUESTROS PRODUCTOS"}]}]}},"_links":{"self":[{"href":"https:\/\/laurbanahairsalon13.es\/index.php\/wp-json\/wp\/v2\/pages\/662"}],"collection":[{"href":"https:\/\/laurbanahairsalon13.es\/index.php\/wp-json\/wp\/v2\/pages"}],"about":[{"href":"https:\/\/laurbanahairsalon13.es\/index.php\/wp-json\/wp\/v2\/types\/page"}],"author":[{"embeddable":true,"href":"https:\/\/laurbanahairsalon13.es\/index.php\/wp-json\/wp\/v2\/users\/1"}],"replies":[{"embeddable":true,"href":"https:\/\/laurbanahairsalon13.es\/index.php\/wp-json\/wp\/v2\/comments?post=662"}],"version-history":[{"count":17,"href":"https:\/\/laurbanahairsalon13.es\/index.php\/wp-json\/wp\/v2\/pages\/662\/revisions"}],"predecessor-version":[{"id":2998,"href":"https:\/\/laurbanahairsalon13.es\/index.php\/wp-json\/wp\/v2\/pages\/662\/revisions\/2998"}],"wp:attachment":[{"href":"https:\/\/laurbanahairsalon13.es\/index.php\/wp-json\/wp\/v2\/media?parent=662"}],"curies":[{"name":"wp","href":"https:\/\/api.w.org\/{rel}","templated":true}]}}